{"id":31735,"date":"2024-03-26T15:32:52","date_gmt":"2024-03-26T14:32:52","guid":{"rendered":"https:\/\/yoann-conte.com\/?page_id=31735"},"modified":"2026-04-02T10:16:17","modified_gmt":"2026-04-02T08:16:17","slug":"cgv","status":"publish","type":"page","link":"https:\/\/yoann-conte.com\/es\/cgv\/","title":{"rendered":"CGV"},"content":{"rendered":"<div class=\"wpb-content-wrapper\"><div class=\"vc_row wpb_row vc_row-fluid mpc-row\"><div class=\"wpb_column vc_column_container vc_col-sm-12 mpc-column\" data-column-id=\"mpc_column-269ef816d288e8\"><div class=\"vc_column-inner\"><div class=\"wpb_wrapper\"><div class=\"vc_empty_space\" style=\"height: 32px\"><span class=\"vc_empty_space_inner\"><\/span><\/div><\/div><\/div><\/div><\/div><div class=\"vc_row wpb_row vc_row-fluid mpc-row\"><div class=\"wpb_column vc_column_container vc_col-sm-2 mpc-column\" data-column-id=\"mpc_column-6569ef816d28c53\"><div class=\"vc_column-inner\"><div class=\"wpb_wrapper\">\n\t<div class=\"wpb_text_column wpb_content_element\">\n\t\t<div class=\"wpb_wrapper\">\n\t\t\t\n\t\t<\/div>\n\t<\/div>\n<\/div><\/div><\/div><div class=\"wpb_column vc_column_container vc_col-sm-8 mpc-column\" data-column-id=\"mpc_column-3369ef816d28fec\"><div class=\"vc_column-inner\"><div class=\"wpb_wrapper\">\n\t<div class=\"wpb_text_column wpb_content_element\">\n\t\t<div class=\"wpb_wrapper\">\n\t\t\t<h2><strong>Condiciones de reserva, pago y garant\u00eda<\/strong><\/h2>\n<h3>1. Reserva<\/h3>\n<p style=\"text-align: left;\"><span style=\"font-family: Josefin sans;\">Las condiciones generales de venta y cancelaci\u00f3n relacionadas con la reserva en l\u00ednea o con una solicitud de reserva se indican con precisi\u00f3n en los formularios correspondientes. Los sistemas de reserva en l\u00ednea exigen marcar la casilla \u00abAceptaci\u00f3n de las condiciones generales de venta\u00bb antes de confirmar la reserva.<\/span><\/p>\n<p style=\"text-align: left;\"><span style=\"font-family: Josefin sans;\">De conformidad con el art\u00edculo L.121-21-8, apartado 12, del C\u00f3digo del Consumidor, se recuerda al cliente que no dispone del derecho de desistimiento previsto en el art\u00edculo L.121-21 del C\u00f3digo del Consumidor en lo que respecta a los servicios de alojamiento.<\/span><\/p>\n<p style=\"text-align: left;\"><span style=\"font-family: Josefin sans;\">Las tasas tur\u00edsticas, cuando sean aplicables, se especifican en la factura del establecimiento. No est\u00e1n incluidas en los importes indicados en el momento de la reserva. La fijaci\u00f3n de estas tasas es ajena a la voluntad de la sociedad SAS YOANN CONTE BORD DU LAC.<\/span><\/p>\n<h3>2. Garant\u00eda de reserva<\/h3>\n<p style=\"text-align: left;\"><span style=\"font-family: Josefin sans;\">Pour toute r&eacute;servation effectu&eacute;e en ligne ou &agrave; distance (email ou t&eacute;l&eacute;phone), une garantie par carte bancaire est demand&eacute;e.<\/span><\/p>\n<p style=\"text-align: left;\"><span style=\"font-family: Josefin sans;\">Esta garant\u00eda puede adoptar la forma de una preautorizaci\u00f3n bancaria que requiera una autenticaci\u00f3n de alto nivel (SCA), de conformidad con la normativa europea sobre servicios de pago (PSD2).<\/span><\/p>\n<p style=\"text-align: left;\"><span style=\"font-family: Josefin sans;\">Solicitamos el 100 % del importe de la reserva en concepto de dep\u00f3sito. El pago puede realizarse con tarjeta de cr\u00e9dito VISA, Mastercard o American Express. En caso de pago mediante transferencia bancaria, tambi\u00e9n se le solicitar\u00e1 el importe total de la estancia.<\/span><\/p>\n<h3>3. Pago<\/h3>\n<p style=\"text-align: left;\"><span style=\"font-family: Josefin sans;\">Para sus transacciones financieras, el sitio web yoann-conte.com utiliza una soluci\u00f3n de pago externa y segura. El pago con tarjeta de cr\u00e9dito se realiza directamente en el servidor seguro del proveedor de servicios de pago.<\/span><\/p>\n<p style=\"text-align: left;\"><span style=\"font-family: Josefin sans;\">En ning\u00fan momento se facilita el n\u00famero de la tarjeta de cr\u00e9dito del cliente a la empresa SAS YOANN CONTE BORD DU LAC.<\/span><\/p>\n<p style=\"text-align: left;\"><span style=\"font-family: Josefin sans;\">En el caso de algunas tarifas, en particular las tarifas \u00abno cancelables y no reembolsables\u00bb, es posible que se exija el pago \u00edntegro de la estancia en el momento de la reserva. Este pago se realiza mediante una transacci\u00f3n segura que requiere una autenticaci\u00f3n fuerte (SCA). De conformidad con las condiciones de estas tarifas, no se realizar\u00e1 ning\u00fan reembolso en caso de cancelaci\u00f3n o modificaci\u00f3n.<\/span><\/p>\n<p style=\"text-align: left;\"><span style=\"font-family: Josefin sans;\">Debido al aumento de los impagos, no se aceptan pagos mediante cheque.<\/span><\/p>\n<h3>4. Condiciones de cancelaci\u00f3n<\/h3>\n<p style=\"text-align: left;\"><span style=\"font-family: Josefin sans;\">Cualquier cancelaci\u00f3n de la estancia debe realizarse obligatoriamente por correo electr\u00f3nico. No se aceptar\u00e1n solicitudes de cancelaci\u00f3n por tel\u00e9fono.<\/span><\/p>\n<p style=\"text-align: left;\"><span style=\"font-family: Josefin sans;\">Las condiciones de cancelaci\u00f3n aplicables son las siguientes:<\/span><\/p>\n<p style=\"text-align: left;\"><span style=\"font-family: Josefin sans;\">* Cancelaci\u00f3n sin gastos si se realiza con m\u00e1s de 5 d\u00edas de antelaci\u00f3n a la llegada.<\/span><\/p>\n<p style=\"text-align: left;\"><span style=\"font-family: Josefin sans;\">* En caso de cancelaci\u00f3n con menos de 5 d\u00edas (incluidos) de antelaci\u00f3n a la fecha de llegada, de no presentarse, de modificar la estancia o de salir antes de lo previsto: se cobrar\u00e1 el importe \u00edntegro. Si la reserva se ha realizado con un vale regalo, este se utilizar\u00e1 \u00edntegramente para cubrir los gastos de cancelaci\u00f3n.<\/span><\/p>\n<div><\/div>\n\n\t\t<\/div>\n\t<\/div>\n<div class=\"vc_empty_space\" style=\"height: 32px\"><span class=\"vc_empty_space_inner\"><\/span><\/div><div class=\"vc_empty_space\" style=\"height: 32px\"><span class=\"vc_empty_space_inner\"><\/span><\/div><\/div><\/div><\/div><div class=\"wpb_column vc_column_container vc_col-sm-2 mpc-column\" data-column-id=\"mpc_column-4869ef816d29114\"><div class=\"vc_column-inner\"><div class=\"wpb_wrapper\"><\/div><\/div><\/div><\/div>\n<\/div>","protected":false},"excerpt":{"rendered":"Conditions de r&eacute;servation, de paiement et de garantie 1. R&eacute;servation Les conditions g&eacute;n&eacute;rales de vente et d&rsquo;annulation li&eacute;es &agrave; la r&eacute;servation en ligne ou &agrave; une demande de r&eacute;servation sont indiqu&eacute;es pr&eacute;cis&eacute;ment dans les formulaires concern&eacute;s. Les solutions de r&eacute;servation en ligne imposent de cocher la case &laquo; acceptation des conditions g&eacute;n&eacute;rales de vente &raquo;","protected":false},"author":1,"featured_media":0,"parent":0,"menu_order":0,"comment_status":"closed","ping_status":"closed","template":"","meta":{"_et_pb_use_builder":"","_et_pb_old_content":"","_et_gb_content_width":"","inline_featured_image":false,"footnotes":""},"class_list":["post-31735","page","type-page","status-publish","hentry"],"yoast_head":"<!-- This site is optimized with the Yoast SEO plugin v27.4 - https:\/\/yoast.com\/product\/yoast-seo-wordpress\/ -->\n<title>CGV - Yoann Conte, un lieu embl\u00e9matique \u00e0 Veyrier-du-lac, o\u00f9 se rencontrent l&#039;\u00e9l\u00e9gance de notre h\u00f4tel 5 \u00e9toiles et la cr\u00e9ativit\u00e9 d\u2019une cuisine gastronomique 2 \u00e9toiles, au c\u0153ur d\u2019un cadre naturel exceptionnel.<\/title>\n<meta name=\"robots\" content=\"index, follow, max-snippet:-1, max-image-preview:large, max-video-preview:-1\" \/>\n<link rel=\"canonical\" href=\"https:\/\/yoann-conte.com\/es\/cgv\/\" \/>\n<meta property=\"og:locale\" content=\"es_ES\" \/>\n<meta property=\"og:type\" content=\"article\" \/>\n<meta property=\"og:title\" content=\"CGV - Yoann Conte, un lieu embl\u00e9matique \u00e0 Veyrier-du-lac, o\u00f9 se rencontrent l&#039;\u00e9l\u00e9gance de notre h\u00f4tel 5 \u00e9toiles et la cr\u00e9ativit\u00e9 d\u2019une cuisine gastronomique 2 \u00e9toiles, au c\u0153ur d\u2019un cadre naturel exceptionnel.\" \/>\n<meta property=\"og:url\" content=\"https:\/\/yoann-conte.com\/es\/cgv\/\" \/>\n<meta property=\"og:site_name\" content=\"Yoann Conte, un lieu embl\u00e9matique \u00e0 Veyrier-du-lac, o\u00f9 se rencontrent l&#039;\u00e9l\u00e9gance de notre h\u00f4tel 5 \u00e9toiles et la cr\u00e9ativit\u00e9 d\u2019une cuisine gastronomique 2 \u00e9toiles, au c\u0153ur d\u2019un cadre naturel exceptionnel.\" \/>\n<meta property=\"article:modified_time\" content=\"2026-04-02T08:16:17+00:00\" \/>\n<meta name=\"twitter:card\" content=\"summary_large_image\" \/>\n<meta name=\"twitter:label1\" content=\"Tiempo de lectura\" \/>\n\t<meta name=\"twitter:data1\" content=\"3 minutos\" \/>\n<script type=\"application\/ld+json\" class=\"yoast-schema-graph\">{\"@context\":\"https:\\\/\\\/schema.org\",\"@graph\":[{\"@type\":\"WebPage\",\"@id\":\"https:\\\/\\\/yoann-conte.com\\\/cgv\\\/\",\"url\":\"https:\\\/\\\/yoann-conte.com\\\/cgv\\\/\",\"name\":\"CGV - Yoann Conte, un lieu embl\u00e9matique \u00e0 Veyrier-du-lac, o\u00f9 se rencontrent l&#039;\u00e9l\u00e9gance de notre h\u00f4tel 5 \u00e9toiles et la cr\u00e9ativit\u00e9 d\u2019une cuisine gastronomique 2 \u00e9toiles, au c\u0153ur d\u2019un cadre naturel exceptionnel.\",\"isPartOf\":{\"@id\":\"https:\\\/\\\/yoann-conte.com\\\/#website\"},\"datePublished\":\"2024-03-26T14:32:52+00:00\",\"dateModified\":\"2026-04-02T08:16:17+00:00\",\"breadcrumb\":{\"@id\":\"https:\\\/\\\/yoann-conte.com\\\/cgv\\\/#breadcrumb\"},\"inLanguage\":\"es\",\"potentialAction\":[{\"@type\":\"ReadAction\",\"target\":[\"https:\\\/\\\/yoann-conte.com\\\/cgv\\\/\"]}]},{\"@type\":\"BreadcrumbList\",\"@id\":\"https:\\\/\\\/yoann-conte.com\\\/cgv\\\/#breadcrumb\",\"itemListElement\":[{\"@type\":\"ListItem\",\"position\":1,\"name\":\"Accueil\",\"item\":\"https:\\\/\\\/yoann-conte.com\\\/\"},{\"@type\":\"ListItem\",\"position\":2,\"name\":\"CGV\"}]},{\"@type\":\"WebSite\",\"@id\":\"https:\\\/\\\/yoann-conte.com\\\/#website\",\"url\":\"https:\\\/\\\/yoann-conte.com\\\/\",\"name\":\"Yoann Conte, un lieu embl\u00e9matique \u00e0 Veyrier-du-lac, o\u00f9 se rencontrent l&#039;\u00e9l\u00e9gance de notre h\u00f4tel 5 \u00e9toiles et la cr\u00e9ativit\u00e9 d\u2019une cuisine gastronomique 2 \u00e9toiles, au c\u0153ur d\u2019un cadre naturel exceptionnel.\",\"description\":\"Restaurant gastronomique \u00e0 Annecy, Yoann Conte\",\"potentialAction\":[{\"@type\":\"SearchAction\",\"target\":{\"@type\":\"EntryPoint\",\"urlTemplate\":\"https:\\\/\\\/yoann-conte.com\\\/?s={search_term_string}\"},\"query-input\":{\"@type\":\"PropertyValueSpecification\",\"valueRequired\":true,\"valueName\":\"search_term_string\"}}],\"inLanguage\":\"es\"}]}<\/script>\n<!-- \/ Yoast SEO plugin. -->","yoast_head_json":{"title":"CGV - Yoann Conte, un lieu embl\u00e9matique \u00e0 Veyrier-du-lac, o\u00f9 se rencontrent l&#039;\u00e9l\u00e9gance de notre h\u00f4tel 5 \u00e9toiles et la cr\u00e9ativit\u00e9 d\u2019une cuisine gastronomique 2 \u00e9toiles, au c\u0153ur d\u2019un cadre naturel exceptionnel.","robots":{"index":"index","follow":"follow","max-snippet":"max-snippet:-1","max-image-preview":"max-image-preview:large","max-video-preview":"max-video-preview:-1"},"canonical":"https:\/\/yoann-conte.com\/es\/cgv\/","og_locale":"es_ES","og_type":"article","og_title":"CGV - Yoann Conte, un lieu embl\u00e9matique \u00e0 Veyrier-du-lac, o\u00f9 se rencontrent l&#039;\u00e9l\u00e9gance de notre h\u00f4tel 5 \u00e9toiles et la cr\u00e9ativit\u00e9 d\u2019une cuisine gastronomique 2 \u00e9toiles, au c\u0153ur d\u2019un cadre naturel exceptionnel.","og_url":"https:\/\/yoann-conte.com\/es\/cgv\/","og_site_name":"Yoann Conte, un lieu embl\u00e9matique \u00e0 Veyrier-du-lac, o\u00f9 se rencontrent l&#039;\u00e9l\u00e9gance de notre h\u00f4tel 5 \u00e9toiles et la cr\u00e9ativit\u00e9 d\u2019une cuisine gastronomique 2 \u00e9toiles, au c\u0153ur d\u2019un cadre naturel exceptionnel.","article_modified_time":"2026-04-02T08:16:17+00:00","twitter_card":"summary_large_image","twitter_misc":{"Tiempo de lectura":"3 minutos"},"schema":{"@context":"https:\/\/schema.org","@graph":[{"@type":"WebPage","@id":"https:\/\/yoann-conte.com\/cgv\/","url":"https:\/\/yoann-conte.com\/cgv\/","name":"CGV - Yoann Conte, un lieu embl\u00e9matique \u00e0 Veyrier-du-lac, o\u00f9 se rencontrent l&#039;\u00e9l\u00e9gance de notre h\u00f4tel 5 \u00e9toiles et la cr\u00e9ativit\u00e9 d\u2019une cuisine gastronomique 2 \u00e9toiles, au c\u0153ur d\u2019un cadre naturel exceptionnel.","isPartOf":{"@id":"https:\/\/yoann-conte.com\/#website"},"datePublished":"2024-03-26T14:32:52+00:00","dateModified":"2026-04-02T08:16:17+00:00","breadcrumb":{"@id":"https:\/\/yoann-conte.com\/cgv\/#breadcrumb"},"inLanguage":"es","potentialAction":[{"@type":"ReadAction","target":["https:\/\/yoann-conte.com\/cgv\/"]}]},{"@type":"BreadcrumbList","@id":"https:\/\/yoann-conte.com\/cgv\/#breadcrumb","itemListElement":[{"@type":"ListItem","position":1,"name":"Accueil","item":"https:\/\/yoann-conte.com\/"},{"@type":"ListItem","position":2,"name":"CGV"}]},{"@type":"WebSite","@id":"https:\/\/yoann-conte.com\/#website","url":"https:\/\/yoann-conte.com\/","name":"Yoann Conte, un lieu embl\u00e9matique \u00e0 Veyrier-du-lac, o\u00f9 se rencontrent l&#039;\u00e9l\u00e9gance de notre h\u00f4tel 5 \u00e9toiles et la cr\u00e9ativit\u00e9 d\u2019une cuisine gastronomique 2 \u00e9toiles, au c\u0153ur d\u2019un cadre naturel exceptionnel.","description":"Restaurante gastron\u00f3mico en Annecy, Yoann Conte","potentialAction":[{"@type":"SearchAction","target":{"@type":"EntryPoint","urlTemplate":"https:\/\/yoann-conte.com\/?s={search_term_string}"},"query-input":{"@type":"PropertyValueSpecification","valueRequired":true,"valueName":"search_term_string"}}],"inLanguage":"es"}]}},"_links":{"self":[{"href":"https:\/\/yoann-conte.com\/es\/wp-json\/wp\/v2\/pages\/31735","targetHints":{"allow":["GET"]}}],"collection":[{"href":"https:\/\/yoann-conte.com\/es\/wp-json\/wp\/v2\/pages"}],"about":[{"href":"https:\/\/yoann-conte.com\/es\/wp-json\/wp\/v2\/types\/page"}],"author":[{"embeddable":true,"href":"https:\/\/yoann-conte.com\/es\/wp-json\/wp\/v2\/users\/1"}],"replies":[{"embeddable":true,"href":"https:\/\/yoann-conte.com\/es\/wp-json\/wp\/v2\/comments?post=31735"}],"version-history":[{"count":11,"href":"https:\/\/yoann-conte.com\/es\/wp-json\/wp\/v2\/pages\/31735\/revisions"}],"predecessor-version":[{"id":35455,"href":"https:\/\/yoann-conte.com\/es\/wp-json\/wp\/v2\/pages\/31735\/revisions\/35455"}],"wp:attachment":[{"href":"https:\/\/yoann-conte.com\/es\/wp-json\/wp\/v2\/media?parent=31735"}],"curies":[{"name":"wp","href":"https:\/\/api.w.org\/{rel}","templated":true}]}}