{"id":29604,"date":"2024-02-22T10:14:10","date_gmt":"2024-02-22T09:14:10","guid":{"rendered":"https:\/\/yoann-conte.com\/?page_id=29604"},"modified":"2026-04-14T16:55:15","modified_gmt":"2026-04-14T14:55:15","slug":"nos-chambres","status":"publish","type":"page","link":"https:\/\/yoann-conte.com\/es\/nos-chambres\/","title":{"rendered":"Habitaciones y suites"},"content":{"rendered":"<div class=\"wpb-content-wrapper\"><div data-vc-full-width=\"true\" data-vc-full-width-init=\"false\" class=\"vc_row wpb_row vc_row-fluid vc_custom_1760954653250 vc_column-gap-15 vc_row-o-equal-height vc_row-flex mpc-row\" data-row-id=\"mpc_row-3269f009863096b\"><div class=\"mpc-overlay mpc-overlay--first\" data-speed=\"25\"><\/div><div class=\"wpb_column vc_column_container vc_col-sm-6 mpc-column\" data-column-id=\"mpc_column-1369f009862faab\"><div class=\"vc_column-inner\"><div class=\"wpb_wrapper\"><div class=\"vc_empty_space\" style=\"height: 70px\"><span class=\"vc_empty_space_inner\"><\/span><\/div>\n\t<div class=\"wpb_single_image wpb_content_element vc_align_right wpb_content_element\">\n\t\t\n\t\t<figure class=\"wpb_wrapper vc_figure\">\n\t\t\t<div class=\"vc_single_image-wrapper   vc_box_border_grey\"><img loading=\"lazy\" decoding=\"async\" width=\"1707\" height=\"2560\" src=\"https:\/\/yoann-conte.com\/wp-content\/uploads\/2025\/02\/yoann-conte-chambre-maison-bleu-studio-foudimages-029-scaled.jpg\" class=\"vc_single_image-img attachment-full\" alt=\"\" title=\"yoann-conte-chambre-maison-bleu-studio-foudimages-029\" srcset=\"https:\/\/yoann-conte.com\/wp-content\/uploads\/2025\/02\/yoann-conte-chambre-maison-bleu-studio-foudimages-029-scaled.jpg 1707w, https:\/\/yoann-conte.com\/wp-content\/uploads\/2025\/02\/yoann-conte-chambre-maison-bleu-studio-foudimages-029-1280x1920.jpg 1280w, https:\/\/yoann-conte.com\/wp-content\/uploads\/2025\/02\/yoann-conte-chambre-maison-bleu-studio-foudimages-029-980x1470.jpg 980w, https:\/\/yoann-conte.com\/wp-content\/uploads\/2025\/02\/yoann-conte-chambre-maison-bleu-studio-foudimages-029-480x720.jpg 480w\" sizes=\"(min-width: 0px) and (max-width: 480px) 480px, (min-width: 481px) and (max-width: 980px) 980px, (min-width: 981px) and (max-width: 1280px) 1280px, (min-width: 1281px) 1707px, 100vw\"><\/div>\n\t\t<\/figure>\n\t<\/div>\n<\/div><\/div><\/div><div class=\"wpb_column vc_column_container vc_col-sm-6 mpc-column\" data-column-id=\"mpc_column-469f0098630885\"><div class=\"vc_column-inner\"><div class=\"wpb_wrapper\"><div class=\"vc_empty_space\" style=\"height: 150px\"><span class=\"vc_empty_space_inner\"><\/span><\/div>\n\t<div class=\"wpb_text_column wpb_content_element\">\n\t\t<div class=\"wpb_wrapper\">\n\t\t\t<p style=\"text-align: center;\"><span style=\"font-size: 30pt; font-family: gray-scale; color: #e8e8e8;\">Nuestras habitaciones<\/span><\/p>\n\n\t\t<\/div>\n\t<\/div>\n\n\t<div class=\"wpb_single_image wpb_content_element vc_align_center wpb_content_element\">\n\t\t\n\t\t<figure class=\"wpb_wrapper vc_figure\">\n\t\t\t<div class=\"vc_single_image-wrapper   vc_box_border_grey\"><img loading=\"lazy\" decoding=\"async\" width=\"150\" height=\"100\" src=\"https:\/\/yoann-conte.com\/wp-content\/uploads\/2024\/03\/lignes-sites1-150x100.png\" class=\"vc_single_image-img attachment-thumbnail\" alt=\"\" title=\"l\u00edneas de sitio(1)\"><\/div>\n\t\t<\/figure>\n\t<\/div>\n\n\t<div class=\"wpb_text_column wpb_content_element\">\n\t\t<div class=\"wpb_wrapper\">\n\t\t\t<h2 style=\"text-align: center;\"><span class=\"OYPEnA text-decoration-none text-strikethrough-none\" style=\"font-family: bon-vivant-serif; font-size: 36pt; color: #f7f7f7;\">Un entorno encantador, en las orillas del lago de Annecy<\/span><\/h2>\n\n\t\t<\/div>\n\t<\/div>\n\n\t<div class=\"wpb_text_column wpb_content_element\">\n\t\t<div class=\"wpb_wrapper\">\n\t\t\t<p style=\"text-align: justify;\"><span style=\"font-family: bon-vivant-serif; font-size: 14pt; color: #ededed;\">Cada una de las 11 habitaciones y suites de \"La Maison Bleue\" tiene balcones y terrazas que ofrecen espl\u00e9ndidas vistas delante del lago de Annecy. Gracias a la exposici\u00f3n excepcional de \u201cLa Maison Bleue\u201d, los rayos del sol brillan a trav\u00e9s de las cortinas de lino y algod\u00f3n. Al caer la noche, la suavidad de la madera se mezcla perfectamente con la decoraci\u00f3n, un momento ideal para aprovechar de este paisaje de ensue\u00f1o!<\/span><\/p>\n\n\t\t<\/div>\n\t<\/div>\n\n\t<div class=\"wpb_text_column wpb_content_element\">\n\t\t<div class=\"wpb_wrapper\">\n\t\t\t<p style=\"text-align: center;\"><span style=\"font-family: josefin-sans; font-size: 14pt; color: #ededed;\">La Maison bleue, un hotel que ofrece una de las vistas m\u00e1s hermosas del lago de Annecy. Lujo y tranquilidad en una ubicaci\u00f3n privilegiada.<\/span><\/p>\n\n\t\t<\/div>\n\t<\/div>\n<\/div><\/div><\/div><\/div><div class=\"vc_row-full-width vc_clearfix\"><\/div><div data-vc-full-width=\"true\" data-vc-full-width-init=\"false\" class=\"vc_row wpb_row vc_row-fluid vc_row-o-equal-height vc_row-flex mpc-row\" data-row-id=\"mpc_row-8469f009863d82e\"><div class=\"mpc-overlay mpc-overlay--first\" data-speed=\"25\"><\/div><div class=\"dc_inverser_colonnes-section wpb_column vc_column_container vc_col-sm-12 mpc-column\" data-column-id=\"mpc_column-2969f009863d3c3\"><div class=\"vc_column-inner\"><div class=\"wpb_wrapper\"><div class=\"vc_empty_space\" style=\"height: 150px\"><span class=\"vc_empty_space_inner\"><\/span><\/div><div class=\"vc_row wpb_row vc_inner vc_row-fluid vc_column-gap-20 vc_row-o-equal-height vc_row-flex mpc-row\"><div class=\"wpb_column vc_column_container vc_col-sm-6 mpc-column\" data-column-id=\"mpc_column-169f0098631d83\"><div class=\"vc_column-inner vc_custom_1708604644293\"><div class=\"wpb_wrapper\">\n\t<div class=\"wpb_text_column wpb_content_element wpb_animate_when_almost_visible wpb_fadeIn fadeIn\">\n\t\t<div class=\"wpb_wrapper\">\n\t\t\t<h3 style=\"text-align: right;\"><span style=\"font-family: bon-vivant-serif; font-size: 24pt;\">Habitaci\u00f3n Superior Chalet<\/span><\/h3>\n\n\t\t<\/div>\n\t<\/div>\n<div class=\"vc_separator wpb_content_element vc_separator_align_center vc_sep_width_40 vc_sep_border_width_2 vc_sep_pos_align_right vc_separator_no_text wpb_content_element  wpb_content_element\"><span class=\"vc_sep_holder vc_sep_holder_l\"><span style=\"border-color:#8997a8;\" class=\"vc_sep_line\"><\/span><\/span><span class=\"vc_sep_holder vc_sep_holder_r\"><span style=\"border-color:#8997a8;\" class=\"vc_sep_line\"><\/span><\/span>\n<\/div>\n\t<div class=\"wpb_single_image wpb_content_element vc_align_right wpb_content_element\">\n\t\t\n\t\t<figure class=\"wpb_wrapper vc_figure\">\n\t\t\t<div class=\"vc_single_image-wrapper   vc_box_border_grey\"><img loading=\"lazy\" decoding=\"async\" width=\"600\" height=\"113\" src=\"https:\/\/yoann-conte.com\/wp-content\/uploads\/2025\/07\/ES-Chambre-Superieure-Chalet.png\" class=\"vc_single_image-img attachment-full\" alt=\"\" title=\"Habitaci\u00f3n Chalet Superior\" srcset=\"https:\/\/yoann-conte.com\/wp-content\/uploads\/2025\/07\/ES-Chambre-Superieure-Chalet.png 600w, https:\/\/yoann-conte.com\/wp-content\/uploads\/2025\/07\/ES-Chambre-Superieure-Chalet-480x90.png 480w\" sizes=\"(min-width: 0px) and (max-width: 480px) 480px, (min-width: 481px) 600px, 100vw\"><\/div>\n\t\t<\/figure>\n\t<\/div>\n\n\t<div class=\"wpb_text_column wpb_content_element\">\n\t\t<div class=\"wpb_wrapper\">\n\t\t\t<p style=\"text-align: right;\"><span style=\"font-family: bon-vivant-serif; font-size: 14pt;\">Despu\u00e9s de subir algunos escalones, nuestra habitaci\u00f3n de \u00b1 20 m\u00b2 le ofrece un espacio acogedor. Nuestra habitaci\u00f3n Superior cuenta con una cama Queen Size, un ba\u00f1o con una ba\u00f1era de hidromasaje. Su balc\u00f3n privado le ofrece una vista de nuestro lago y nuestras monta\u00f1as.<\/span><\/p>\n\n\t\t<\/div>\n\t<\/div>\n\n\t<div class=\"wpb_text_column wpb_content_element\">\n\t\t<div class=\"wpb_wrapper\">\n\t\t\t<p style=\"text-align: right;\"><span style=\"font-size: 14pt;\"><a style=\"color: #333333;\" href=\"https:\/\/yoann-conte.com\/es\/junior-superieur-chalet\/\"><span style=\"font-family: brandon;\"><span style=\"color: #7b94a6;\">Ver detalles<\/span><\/span><\/a> <span style=\"font-family: brandon;\">| <span style=\"color: #7b94a6;\"><a style=\"color: #7b94a6;\" href=\"https:\/\/yoann-conte.com\/es\/boutique-cadeaux\/\">Ofrecer<\/a><\/span><\/span><\/span><\/p>\n\n\t\t<\/div>\n\t<\/div>\n<div class=\"vc_btn3-container vc_btn3-right vc_custom_1718123159177 vc_do_btn\"><a style=\"background-color:#8997a8; color:#ffffff;\" class=\"vc_general vc_btn3 vc_btn3-size-lg vc_btn3-shape-square vc_btn3-style-custom\" href=\"https:\/\/app.mews.com\/distributor\/19300359-7079-4db4-83fc-b14700868144\" title=\"\" target=\"_blank\">Reservar<\/a><\/div><\/div><\/div><\/div><div class=\"wpb_column vc_column_container vc_col-sm-6 mpc-column\" data-column-id=\"mpc_column-5369f0098632780\"><div class=\"vc_column-inner\"><div class=\"wpb_wrapper\">\n\t<div class=\"wpb_single_image wpb_content_element vc_align_center wpb_content_element\">\n\t\t\n\t\t<figure class=\"wpb_wrapper vc_figure\">\n\t\t\t<div class=\"vc_single_image-wrapper   vc_box_border_grey\"><img loading=\"lazy\" decoding=\"async\" width=\"2560\" height=\"1920\" src=\"https:\/\/yoann-conte.com\/wp-content\/uploads\/2024\/03\/chambre-038-scaled.jpg\" class=\"vc_single_image-img attachment-full\" alt=\"\" title=\"H\u00f4tel Restaurant Yoann Conte en Veyrier-du-Lac\"><\/div>\n\t\t<\/figure>\n\t<\/div>\n<\/div><\/div><\/div><\/div><div class=\"vc_empty_space\" style=\"height: 70px\"><span class=\"vc_empty_space_inner\"><\/span><\/div><div class=\"vc_row wpb_row vc_inner vc_row-fluid dc_inverser_colonnes-ligne vc_column-gap-20 vc_row-o-equal-height vc_row-flex mpc-row\"><div class=\"wpb_column vc_column_container vc_col-sm-6 mpc-column\" data-column-id=\"mpc_column-8069f00986334ef\"><div class=\"vc_column-inner\"><div class=\"wpb_wrapper\">\n\t<div class=\"wpb_single_image wpb_content_element vc_align_center wpb_content_element\">\n\t\t\n\t\t<figure class=\"wpb_wrapper vc_figure\">\n\t\t\t<div class=\"vc_single_image-wrapper   vc_box_border_grey\"><img loading=\"lazy\" decoding=\"async\" width=\"1341\" height=\"894\" src=\"https:\/\/yoann-conte.com\/wp-content\/uploads\/2024\/01\/yoann-conte-chambre-maison-bleu-studio-foudimages-001.jpg\" class=\"vc_single_image-img attachment-full\" alt=\"\" title=\"yoann-conte-chambre-maison-bleu-studio-foudimages-001\" srcset=\"https:\/\/yoann-conte.com\/wp-content\/uploads\/2024\/01\/yoann-conte-chambre-maison-bleu-studio-foudimages-001.jpg 1341w, https:\/\/yoann-conte.com\/wp-content\/uploads\/2024\/01\/yoann-conte-chambre-maison-bleu-studio-foudimages-001-1280x853.jpg 1280w, https:\/\/yoann-conte.com\/wp-content\/uploads\/2024\/01\/yoann-conte-chambre-maison-bleu-studio-foudimages-001-980x653.jpg 980w, https:\/\/yoann-conte.com\/wp-content\/uploads\/2024\/01\/yoann-conte-chambre-maison-bleu-studio-foudimages-001-480x320.jpg 480w\" sizes=\"(min-width: 0px) and (max-width: 480px) 480px, (min-width: 481px) and (max-width: 980px) 980px, (min-width: 981px) and (max-width: 1280px) 1280px, (min-width: 1281px) 1341px, 100vw\"><\/div>\n\t\t<\/figure>\n\t<\/div>\n<\/div><\/div><\/div><div class=\"wpb_column vc_column_container vc_col-sm-6 mpc-column\" data-column-id=\"mpc_column-1569f009863439a\"><div class=\"vc_column-inner vc_custom_1708606294911\"><div class=\"wpb_wrapper\">\n\t<div class=\"wpb_text_column wpb_content_element wpb_animate_when_almost_visible wpb_fadeIn fadeIn\">\n\t\t<div class=\"wpb_wrapper\">\n\t\t\t<h3 style=\"text-align: left;\"><span style=\"font-family: bon-vivant-serif; font-size: 24pt;\">Habitaci\u00f3n Superior Contempor\u00e1nea<\/span><\/h3>\n\n\t\t<\/div>\n\t<\/div>\n<div class=\"vc_separator wpb_content_element vc_separator_align_center vc_sep_width_40 vc_sep_border_width_2 vc_sep_pos_align_left vc_separator_no_text wpb_content_element  wpb_content_element\"><span class=\"vc_sep_holder vc_sep_holder_l\"><span style=\"border-color:#8997a8;\" class=\"vc_sep_line\"><\/span><\/span><span class=\"vc_sep_holder vc_sep_holder_r\"><span style=\"border-color:#8997a8;\" class=\"vc_sep_line\"><\/span><\/span>\n<\/div>\n\t<div class=\"wpb_single_image wpb_content_element vc_align_left wpb_content_element\">\n\t\t\n\t\t<figure class=\"wpb_wrapper vc_figure\">\n\t\t\t<div class=\"vc_single_image-wrapper   vc_box_border_grey\"><img loading=\"lazy\" decoding=\"async\" width=\"600\" height=\"113\" src=\"https:\/\/yoann-conte.com\/wp-content\/uploads\/2025\/07\/ES-Chambre-Superieure-Contemporaine.png\" class=\"vc_single_image-img attachment-full\" alt=\"\" title=\"Habitaci\u00f3n Superior Contempor\u00e1nea\" srcset=\"https:\/\/yoann-conte.com\/wp-content\/uploads\/2025\/07\/ES-Chambre-Superieure-Contemporaine.png 600w, https:\/\/yoann-conte.com\/wp-content\/uploads\/2025\/07\/ES-Chambre-Superieure-Contemporaine-480x90.png 480w\" sizes=\"(min-width: 0px) and (max-width: 480px) 480px, (min-width: 481px) 600px, 100vw\"><\/div>\n\t\t<\/figure>\n\t<\/div>\n\n\t<div class=\"wpb_text_column wpb_content_element\">\n\t\t<div class=\"wpb_wrapper\">\n\t\t\t<p style=\"text-align: left;\"><span style=\"font-family: bon-vivant-serif; font-size: 14pt;\">Nuestra habitaci\u00f3n superior contempor\u00e1nea (aprox. 30 m\u00b2) tiene un balc\u00f3n privado con fant\u00e1sticas vistas al lago de Annecy. Nuestra habitaci\u00f3n superior contempor\u00e1nea tiene una cama Queen Size, una Xbox One, un I-pad y un cuarto de ba\u00f1o con ducha a ras de suelo. Esta habitaci\u00f3n tambi\u00e9n est\u00e1 adaptada para minusv\u00e1lidos.<\/span><\/p>\n\n\t\t<\/div>\n\t<\/div>\n\n\t<div class=\"wpb_text_column wpb_content_element\">\n\t\t<div class=\"wpb_wrapper\">\n\t\t\t<p style=\"text-align: left;\"><span style=\"color: #64859c;\"><span style=\"color: #7b94a6;\"><a style=\"color: #7b94a6;\" href=\"https:\/\/yoann-conte.com\/es\/chambre-superieure-contemporaine\/\"><span style=\"font-size: 14pt;\"><span style=\"font-family: brandon;\">Ver detalles<\/span><\/span><span style=\"font-size: 14pt;\"><span style=\"font-family: brandon;\"> de<\/span><\/span><span style=\"font-size: 14pt;\"><span style=\"font-family: brandon;\">la C\u00e1mara Superior Contempor\u00e1nea<\/span><\/span><\/a><span style=\"font-size: 14pt;\"><span style=\"font-family: brandon;\">&nbsp;<\/span><\/span><\/span><\/span><span style=\"font-size: 14pt;\"><span style=\"font-family: brandon;\">| <\/span><\/span><span style=\"color: #64859c;\"><span style=\"font-size: 14pt;\"><span style=\"font-family: brandon;\"><span style=\"color: #7b94a6;\"><a style=\"color: #7b94a6;\" href=\"https:\/\/yoann-conte.com\/es\/boutique-cadeaux\/\">Ofrecer<\/a><\/span><\/span><\/span><\/span><\/p>\n\n\t\t<\/div>\n\t<\/div>\n<div class=\"vc_btn3-container vc_btn3-left vc_custom_1718123171710 vc_do_btn\"><a style=\"background-color:#8997a8; color:#ffffff;\" class=\"vc_general vc_btn3 vc_btn3-size-lg vc_btn3-shape-square vc_btn3-style-custom\" href=\"https:\/\/app.mews.com\/distributor\/19300359-7079-4db4-83fc-b14700868144\" title=\"\" target=\"_blank\">Reservar<\/a><\/div><\/div><\/div><\/div><\/div><div class=\"vc_empty_space\" style=\"height: 70px\"><span class=\"vc_empty_space_inner\"><\/span><\/div><div class=\"vc_row wpb_row vc_inner vc_row-fluid vc_column-gap-20 vc_row-o-equal-height vc_row-flex mpc-row\"><div class=\"wpb_column vc_column_container vc_col-sm-6 mpc-column\" data-column-id=\"mpc_column-7269f00986358c9\"><div class=\"vc_column-inner vc_custom_1708604644293\"><div class=\"wpb_wrapper\">\n\t<div class=\"wpb_text_column wpb_content_element wpb_animate_when_almost_visible wpb_fadeIn fadeIn\">\n\t\t<div class=\"wpb_wrapper\">\n\t\t\t<h3 style=\"text-align: left;\"><span style=\"font-family: bon-vivant-serif; font-size: 24pt;\">Junior Suite Chalet<\/span><\/h3>\n\n\t\t<\/div>\n\t<\/div>\n<div class=\"vc_separator wpb_content_element vc_separator_align_center vc_sep_width_40 vc_sep_border_width_2 vc_sep_pos_align_left vc_separator_no_text wpb_content_element  wpb_content_element\"><span class=\"vc_sep_holder vc_sep_holder_l\"><span style=\"border-color:#8997a8;\" class=\"vc_sep_line\"><\/span><\/span><span class=\"vc_sep_holder vc_sep_holder_r\"><span style=\"border-color:#8997a8;\" class=\"vc_sep_line\"><\/span><\/span>\n<\/div>\n\t<div class=\"wpb_single_image wpb_content_element vc_align_left wpb_content_element\">\n\t\t\n\t\t<figure class=\"wpb_wrapper vc_figure\">\n\t\t\t<div class=\"vc_single_image-wrapper   vc_box_border_grey\"><img loading=\"lazy\" decoding=\"async\" width=\"600\" height=\"113\" src=\"https:\/\/yoann-conte.com\/wp-content\/uploads\/2025\/07\/ES-Junior-Suite-Chalet-1.png\" class=\"vc_single_image-img attachment-full\" alt=\"\" title=\"Junior Suite Chalet\" srcset=\"https:\/\/yoann-conte.com\/wp-content\/uploads\/2025\/07\/ES-Junior-Suite-Chalet-1.png 600w, https:\/\/yoann-conte.com\/wp-content\/uploads\/2025\/07\/ES-Junior-Suite-Chalet-1-480x90.png 480w\" sizes=\"(min-width: 0px) and (max-width: 480px) 480px, (min-width: 481px) 600px, 100vw\"><\/div>\n\t\t<\/figure>\n\t<\/div>\n\n\t<div class=\"wpb_text_column wpb_content_element\">\n\t\t<div class=\"wpb_wrapper\">\n\t\t\t<p style=\"text-align: left;\"><span style=\"font-family: bon-vivant-serif; font-size: 14pt;\">Id&eacute;ales pour s&eacute;journer &agrave; deux, nos Juniors Suites chalets de 35 &agrave; 45 m&sup2; b&eacute;n&eacute;ficient d&rsquo;un balcon privatif avec une vue imprenable sur le lac. Elles sont dot&eacute;es d&rsquo;un lit King Size d&rsquo;une douche et\/ou d&rsquo;une baignoire. Un couchage suppl&eacute;mentaire est possible via le canap&eacute; convertible.<\/span><\/p>\n\n\t\t<\/div>\n\t<\/div>\n\n\t<div class=\"wpb_text_column wpb_content_element\">\n\t\t<div class=\"wpb_wrapper\">\n\t\t\t<p style=\"text-align: right;\"><span style=\"color: #7b94a6;\"><span style=\"font-size: 14pt;\"><a style=\"color: #7b94a6;\" href=\"https:\/\/yoann-conte.com\/es\/junior-suite-chalet\/\"><span style=\"font-family: brandon;\">Ver detalles<\/span><\/a><\/span> <\/span><span style=\"color: #333333;\"><span style=\"font-size: 14pt;\"><span style=\"font-family: brandon;\">| <span style=\"color: #7b94a6;\"><a style=\"color: #7b94a6;\" href=\"https:\/\/yoann-conte.com\/es\/boutique-cadeaux\/\">Ofrecer<\/a><\/span><\/span><\/span><\/span><\/p>\n\n\t\t<\/div>\n\t<\/div>\n<div class=\"vc_btn3-container vc_btn3-right vc_do_btn\"><a style=\"background-color:#8997a8; color:#ffffff;\" class=\"vc_general vc_btn3 vc_btn3-size-lg vc_btn3-shape-square vc_btn3-style-custom\" href=\"https:\/\/app.mews.com\/distributor\/19300359-7079-4db4-83fc-b14700868144\" title=\"\" target=\"_blank\">Reservar<\/a><\/div><\/div><\/div><\/div><div class=\"wpb_column vc_column_container vc_col-sm-6 mpc-column\" data-column-id=\"mpc_column-1269f009863664a\"><div class=\"vc_column-inner\"><div class=\"wpb_wrapper\">\n\t<div class=\"wpb_single_image wpb_content_element vc_align_center wpb_content_element\">\n\t\t\n\t\t<figure class=\"wpb_wrapper vc_figure\">\n\t\t\t<div class=\"vc_single_image-wrapper   vc_box_border_grey\"><img loading=\"lazy\" decoding=\"async\" width=\"1600\" height=\"1066\" src=\"https:\/\/yoann-conte.com\/wp-content\/uploads\/2024\/02\/Maison-bleue-7.png\" class=\"vc_single_image-img attachment-full\" alt=\"\" title=\"Maison bleue-7\" srcset=\"https:\/\/yoann-conte.com\/wp-content\/uploads\/2024\/02\/Maison-bleue-7.png 1600w, https:\/\/yoann-conte.com\/wp-content\/uploads\/2024\/02\/Maison-bleue-7-1280x853.png 1280w, https:\/\/yoann-conte.com\/wp-content\/uploads\/2024\/02\/Maison-bleue-7-980x653.png 980w, https:\/\/yoann-conte.com\/wp-content\/uploads\/2024\/02\/Maison-bleue-7-480x320.png 480w\" sizes=\"(min-width: 0px) and (max-width: 480px) 480px, (min-width: 481px) and (max-width: 980px) 980px, (min-width: 981px) and (max-width: 1280px) 1280px, (min-width: 1281px) 1600px, 100vw\"><\/div>\n\t\t<\/figure>\n\t<\/div>\n<\/div><\/div><\/div><\/div><div class=\"vc_empty_space\" style=\"height: 70px\"><span class=\"vc_empty_space_inner\"><\/span><\/div><div class=\"vc_row wpb_row vc_inner vc_row-fluid dc_inverser_colonnes-ligne vc_column-gap-20 vc_row-o-equal-height vc_row-flex mpc-row\" data-row-id=\"mpc_row-3469f0098638584\"><div class=\"mpc-overlay mpc-overlay--first\" data-speed=\"25\"><\/div><div class=\"wpb_column vc_column_container vc_col-sm-6 mpc-column\" data-column-id=\"mpc_column-3369f0098637544\"><div class=\"vc_column-inner\"><div class=\"wpb_wrapper\">\n\t<div class=\"wpb_single_image wpb_content_element vc_align_center wpb_content_element\">\n\t\t\n\t\t<figure class=\"wpb_wrapper vc_figure\">\n\t\t\t<div class=\"vc_single_image-wrapper   vc_box_border_grey\"><img loading=\"lazy\" decoding=\"async\" width=\"1600\" height=\"1066\" src=\"https:\/\/yoann-conte.com\/wp-content\/uploads\/2024\/02\/Maison-bleue-18.png\" class=\"vc_single_image-img attachment-full\" alt=\"\" title=\"Maison bleue-18\" srcset=\"https:\/\/yoann-conte.com\/wp-content\/uploads\/2024\/02\/Maison-bleue-18.png 1600w, https:\/\/yoann-conte.com\/wp-content\/uploads\/2024\/02\/Maison-bleue-18-1280x853.png 1280w, https:\/\/yoann-conte.com\/wp-content\/uploads\/2024\/02\/Maison-bleue-18-980x653.png 980w, https:\/\/yoann-conte.com\/wp-content\/uploads\/2024\/02\/Maison-bleue-18-480x320.png 480w\" sizes=\"(min-width: 0px) and (max-width: 480px) 480px, (min-width: 481px) and (max-width: 980px) 980px, (min-width: 981px) and (max-width: 1280px) 1280px, (min-width: 1281px) 1600px, 100vw\"><\/div>\n\t\t<\/figure>\n\t<\/div>\n<\/div><\/div><\/div><div class=\"wpb_column vc_column_container vc_col-sm-6 mpc-column\" data-column-id=\"mpc_column-7169f0098638494\"><div class=\"vc_column-inner vc_custom_1708606294911\"><div class=\"wpb_wrapper\">\n\t<div class=\"wpb_text_column wpb_content_element wpb_animate_when_almost_visible wpb_fadeIn fadeIn\">\n\t\t<div class=\"wpb_wrapper\">\n\t\t\t<h3 style=\"text-align: left;\"><span style=\"font-family: bon-vivant-serif; font-size: 24pt;\">Junior Suite Contempor\u00e1nea<\/span><\/h3>\n\n\t\t<\/div>\n\t<\/div>\n<div class=\"vc_separator wpb_content_element vc_separator_align_center vc_sep_width_40 vc_sep_border_width_2 vc_sep_pos_align_left vc_separator_no_text wpb_content_element  wpb_content_element\"><span class=\"vc_sep_holder vc_sep_holder_l\"><span style=\"border-color:#8997a8;\" class=\"vc_sep_line\"><\/span><\/span><span class=\"vc_sep_holder vc_sep_holder_r\"><span style=\"border-color:#8997a8;\" class=\"vc_sep_line\"><\/span><\/span>\n<\/div>\n\t<div class=\"wpb_single_image wpb_content_element vc_align_left wpb_content_element\">\n\t\t\n\t\t<figure class=\"wpb_wrapper vc_figure\">\n\t\t\t<div class=\"vc_single_image-wrapper   vc_box_border_grey\"><img loading=\"lazy\" decoding=\"async\" width=\"600\" height=\"113\" src=\"https:\/\/yoann-conte.com\/wp-content\/uploads\/2025\/07\/ES-Junior-Suite-Contemporaine.png\" class=\"vc_single_image-img attachment-full\" alt=\"\" title=\"Junior Suite Contempor\u00e1nea\"><\/div>\n\t\t<\/figure>\n\t<\/div>\n\n\t<div class=\"wpb_text_column wpb_content_element\">\n\t\t<div class=\"wpb_wrapper\">\n\t\t\t<p style=\"text-align: left;\"><span style=\"font-family: bon-vivant-serif; font-size: 14pt;\">Nos Juniors Suites Modernes de 30 et 50 m&sup2; disposent d&rsquo;un balcon privatif offrant une formidable vue sur le lac d&rsquo;Annecy. Chaque Junior Suite Moderne est dot&eacute;e d&rsquo;un lit King Size, lit twin possible, d&rsquo;une Xbox One et d&rsquo;une salle de bain compos&eacute;e d&rsquo;une baignoire et d&rsquo;une douche. Id&eacute;ale pour deux personnes, un couchage suppl&eacute;mentaire est toutefois possible gr&acirc;ce &agrave; un canap&eacute; convertible.<\/span><\/p>\n\n\t\t<\/div>\n\t<\/div>\n\n\t<div class=\"wpb_text_column wpb_content_element\">\n\t\t<div class=\"wpb_wrapper\">\n\t\t\t<p style=\"text-align: left;\"><span style=\"font-size: 14pt; color: #7b94a6;\"><a style=\"color: #7b94a6;\" href=\"https:\/\/yoann-conte.com\/es\/junior-suite-contemporaine\/\"><span style=\"font-family: brandon;\">Ver detalles<\/span><\/a> <span style=\"font-family: brandon;\"><span style=\"color: #333333;\"><span style=\"font-size: 14pt;\">| <\/span><\/span><a style=\"color: #7b94a6;\" href=\"https:\/\/yoann-conte.com\/es\/boutique-cadeaux\/\">Ofrecer<\/a><\/span><\/span><\/p>\n\n\t\t<\/div>\n\t<\/div>\n<div class=\"vc_btn3-container vc_btn3-left vc_do_btn\"><a style=\"background-color:#8997a8; color:#ffffff;\" class=\"vc_general vc_btn3 vc_btn3-size-lg vc_btn3-shape-square vc_btn3-style-custom\" href=\"https:\/\/app.mews.com\/distributor\/19300359-7079-4db4-83fc-b14700868144\" title=\"\" target=\"_blank\">Reservar<\/a><\/div><\/div><\/div><\/div><\/div><div class=\"vc_empty_space\" style=\"height: 70px\"><span class=\"vc_empty_space_inner\"><\/span><\/div><div class=\"vc_row wpb_row vc_inner vc_row-fluid vc_column-gap-20 vc_row-o-equal-height vc_row-flex mpc-row\"><div class=\"wpb_column vc_column_container vc_col-sm-6 mpc-column\" data-column-id=\"mpc_column-869f009863965d\"><div class=\"vc_column-inner vc_custom_1708604644293\"><div class=\"wpb_wrapper\">\n\t<div class=\"wpb_text_column wpb_content_element wpb_animate_when_almost_visible wpb_fadeIn fadeIn\">\n\t\t<div class=\"wpb_wrapper\">\n\t\t\t<h3 style=\"text-align: left;\"><span style=\"font-family: bon-vivant-serif; font-size: 24pt;\">Suite Prestigio<\/span><\/h3>\n\n\t\t<\/div>\n\t<\/div>\n<div class=\"vc_separator wpb_content_element vc_separator_align_center vc_sep_width_40 vc_sep_border_width_2 vc_sep_pos_align_left vc_separator_no_text wpb_content_element  wpb_content_element\"><span class=\"vc_sep_holder vc_sep_holder_l\"><span style=\"border-color:#8997a8;\" class=\"vc_sep_line\"><\/span><\/span><span class=\"vc_sep_holder vc_sep_holder_r\"><span style=\"border-color:#8997a8;\" class=\"vc_sep_line\"><\/span><\/span>\n<\/div>\n\t<div class=\"wpb_single_image wpb_content_element vc_align_left wpb_content_element\">\n\t\t\n\t\t<figure class=\"wpb_wrapper vc_figure\">\n\t\t\t<div class=\"vc_single_image-wrapper   vc_box_border_grey\"><img loading=\"lazy\" decoding=\"async\" width=\"600\" height=\"113\" src=\"https:\/\/yoann-conte.com\/wp-content\/uploads\/2025\/07\/ES-Suite-Prestige.png\" class=\"vc_single_image-img attachment-full\" alt=\"\" title=\"Suite Prestigio\" srcset=\"https:\/\/yoann-conte.com\/wp-content\/uploads\/2025\/07\/ES-Suite-Prestige.png 600w, https:\/\/yoann-conte.com\/wp-content\/uploads\/2025\/07\/ES-Suite-Prestige-480x90.png 480w\" sizes=\"(min-width: 0px) and (max-width: 480px) 480px, (min-width: 481px) 600px, 100vw\"><\/div>\n\t\t<\/figure>\n\t<\/div>\n\n\t<div class=\"wpb_text_column wpb_content_element\">\n\t\t<div class=\"wpb_wrapper\">\n\t\t\t<p style=\"text-align: right;\"><span style=\"font-family: bon-vivant-serif; font-size: 14pt;\">Ideal para una estancia familiar, nuestra suite de \u00b1 65m\u00b2 ofrece en primer lugar una sala de estar en la planta baja, un ba\u00f1o con ducha y un balc\u00f3n privado con una espl\u00e9ndida vista al lago. El sal\u00f3n tiene un sof\u00e1 convertible. En la planta superior, encontramos el dormitorio principal. Cuenta con una cama King Size y una ba\u00f1era abierta al dormitorio. En esta planta tambi\u00e9n se encuentra una peque\u00f1a cama tipo caba\u00f1a que ser\u00e1 perfecta para los ni\u00f1os. Nuestra habitaci\u00f3n puede comunicarse con una Junior Suite Chalet.<\/span><\/p>\n\n\t\t<\/div>\n\t<\/div>\n\n\t<div class=\"wpb_text_column wpb_content_element\">\n\t\t<div class=\"wpb_wrapper\">\n\t\t\t<p style=\"text-align: right;\"><span style=\"font-size: 14pt; color: #7b94a6;\"><a style=\"color: #7b94a6;\" href=\"https:\/\/yoann-conte.com\/es\/suite-prestige\/\"><span style=\"font-family: brandon;\">Descubra la Suite Prestige<\/span><\/a><\/span><\/p>\n\n\t\t<\/div>\n\t<\/div>\n<div class=\"vc_btn3-container vc_btn3-right vc_do_btn\"><a style=\"background-color:#8997a8; color:#ffffff;\" class=\"vc_general vc_btn3 vc_btn3-size-lg vc_btn3-shape-square vc_btn3-style-custom\" href=\"https:\/\/app.mews.com\/distributor\/19300359-7079-4db4-83fc-b14700868144\" title=\"\" target=\"_blank\">Reservar<\/a><\/div><\/div><\/div><\/div><div class=\"wpb_column vc_column_container vc_col-sm-6 mpc-column\" data-column-id=\"mpc_column-6769f009863a19c\"><div class=\"vc_column-inner\"><div class=\"wpb_wrapper\">\n\t<div class=\"wpb_single_image wpb_content_element vc_align_center wpb_content_element\">\n\t\t\n\t\t<figure class=\"wpb_wrapper vc_figure\">\n\t\t\t<div class=\"vc_single_image-wrapper   vc_box_border_grey\"><img loading=\"lazy\" decoding=\"async\" width=\"2100\" height=\"1575\" src=\"https:\/\/yoann-conte.com\/wp-content\/uploads\/2023\/12\/20211022-Yoann-Conte-Collection0593-suite-prestige-1.jpg\" class=\"vc_single_image-img attachment-full\" alt=\"\" title=\"20211022 - Colecci\u00f3n Yoann Conte0593 prestige suite\" srcset=\"https:\/\/yoann-conte.com\/wp-content\/uploads\/2023\/12\/20211022-Yoann-Conte-Collection0593-suite-prestige-1.jpg 2100w, https:\/\/yoann-conte.com\/wp-content\/uploads\/2023\/12\/20211022-Yoann-Conte-Collection0593-suite-prestige-1-1280x960.jpg 1280w, https:\/\/yoann-conte.com\/wp-content\/uploads\/2023\/12\/20211022-Yoann-Conte-Collection0593-suite-prestige-1-980x735.jpg 980w, https:\/\/yoann-conte.com\/wp-content\/uploads\/2023\/12\/20211022-Yoann-Conte-Collection0593-suite-prestige-1-480x360.jpg 480w\" sizes=\"(min-width: 0px) and (max-width: 480px) 480px, (min-width: 481px) and (max-width: 980px) 980px, (min-width: 981px) and (max-width: 1280px) 1280px, (min-width: 1281px) 2100px, 100vw\"><\/div>\n\t\t<\/figure>\n\t<\/div>\n<\/div><\/div><\/div><\/div><div class=\"vc_empty_space\" style=\"height: 70px\"><span class=\"vc_empty_space_inner\"><\/span><\/div><div class=\"vc_row wpb_row vc_inner vc_row-fluid dc_inverser_colonnes-ligne vc_column-gap-20 vc_row-o-equal-height vc_row-flex mpc-row\"><div class=\"wpb_column vc_column_container vc_col-sm-6 mpc-column\" data-column-id=\"mpc_column-4869f009863af4b\"><div class=\"vc_column-inner\"><div class=\"wpb_wrapper\">\n\t<div class=\"wpb_single_image wpb_content_element vc_align_center wpb_content_element\">\n\t\t\n\t\t<figure class=\"wpb_wrapper vc_figure\">\n\t\t\t<div class=\"vc_single_image-wrapper   vc_box_border_grey\"><img loading=\"lazy\" decoding=\"async\" width=\"2560\" height=\"1707\" src=\"https:\/\/yoann-conte.com\/wp-content\/uploads\/2026\/02\/ch-10-scaled.jpg\" class=\"vc_single_image-img attachment-full\" alt=\"\" title=\"ch 10\" srcset=\"https:\/\/yoann-conte.com\/wp-content\/uploads\/2026\/02\/ch-10-scaled.jpg 2560w, https:\/\/yoann-conte.com\/wp-content\/uploads\/2026\/02\/ch-10-1280x854.jpg 1280w, https:\/\/yoann-conte.com\/wp-content\/uploads\/2026\/02\/ch-10-980x653.jpg 980w, https:\/\/yoann-conte.com\/wp-content\/uploads\/2026\/02\/ch-10-480x320.jpg 480w\" sizes=\"(min-width: 0px) and (max-width: 480px) 480px, (min-width: 481px) and (max-width: 980px) 980px, (min-width: 981px) and (max-width: 1280px) 1280px, (min-width: 1281px) 2560px, 100vw\"><\/div>\n\t\t<\/figure>\n\t<\/div>\n<\/div><\/div><\/div><div class=\"wpb_column vc_column_container vc_col-sm-6 mpc-column\" data-column-id=\"mpc_column-369f009863bd9d\"><div class=\"vc_column-inner vc_custom_1708604644293\"><div class=\"wpb_wrapper\">\n\t<div class=\"wpb_text_column wpb_content_element wpb_animate_when_almost_visible wpb_fadeIn fadeIn\">\n\t\t<div class=\"wpb_wrapper\">\n\t\t\t<h3 style=\"text-align: left;\"><span style=\"font-family: bon-vivant-serif; font-size: 24pt;\">Suite Deluxe<\/span><\/h3>\n\n\t\t<\/div>\n\t<\/div>\n<div class=\"vc_separator wpb_content_element vc_separator_align_center vc_sep_width_40 vc_sep_border_width_2 vc_sep_pos_align_left vc_separator_no_text wpb_content_element  wpb_content_element\"><span class=\"vc_sep_holder vc_sep_holder_l\"><span style=\"border-color:#8997a8;\" class=\"vc_sep_line\"><\/span><\/span><span class=\"vc_sep_holder vc_sep_holder_r\"><span style=\"border-color:#8997a8;\" class=\"vc_sep_line\"><\/span><\/span>\n<\/div>\n\t<div class=\"wpb_single_image wpb_content_element vc_align_left wpb_content_element\">\n\t\t\n\t\t<figure class=\"wpb_wrapper vc_figure\">\n\t\t\t<div class=\"vc_single_image-wrapper   vc_box_border_grey\"><img loading=\"lazy\" decoding=\"async\" width=\"600\" height=\"113\" src=\"https:\/\/yoann-conte.com\/wp-content\/uploads\/2024\/02\/Suite-Prestige.jpg\" class=\"vc_single_image-img attachment-full\" alt=\"\" title=\"Suite Prestigio\"><\/div>\n\t\t<\/figure>\n\t<\/div>\n\n\t<div class=\"wpb_text_column wpb_content_element\">\n\t\t<div class=\"wpb_wrapper\">\n\t\t\t<p style=\"text-align: left;\"><span style=\"font-size: 14pt; font-family: bon-vivant-serif;\">Amplia y luminosa, la suite de \u00b1 65m\u00b2 cuenta con un dormitorio principal con una cama King Size y un ba\u00f1o contiguo equipado con ba\u00f1era de hidromasaje. Situada en el lateral de la Maison Bleue, el balc\u00f3n privado ofrece una vista panor\u00e1mica del lago y de las monta\u00f1as de Annecy. El sal\u00f3n, separado del dormitorio, tambi\u00e9n ofrece una vista al lago. En el sal\u00f3n una cama alcoba Queen Size. Se trata de 2 habitaciones independientes unidas por una puerta, otorgando la independencia de 2 dormitorios con su ba\u00f1o cada una.<\/span><\/p>\n\n\t\t<\/div>\n\t<\/div>\n\n\t<div class=\"wpb_text_column wpb_content_element\">\n\t\t<div class=\"wpb_wrapper\">\n\t\t\t<p style=\"text-align: left;\"><span style=\"font-family: brandon; color: #7b94a6;\"><span style=\"font-size: 14pt;\"><a style=\"color: #7b94a6;\" href=\"https:\/\/yoann-conte.com\/es\/suite-deluxe\/\">Descubra la Suite Deluxe<\/a><\/span><\/span><\/p>\n\n\t\t<\/div>\n\t<\/div>\n<div class=\"vc_btn3-container vc_btn3-left vc_do_btn\"><a style=\"background-color:#8997a8; color:#ffffff;\" class=\"vc_general vc_btn3 vc_btn3-size-lg vc_btn3-shape-square vc_btn3-style-custom\" href=\"https:\/\/app.mews.com\/distributor\/19300359-7079-4db4-83fc-b14700868144\" title=\"\" target=\"_blank\">Reservar<\/a><\/div><\/div><\/div><\/div><\/div><div class=\"vc_empty_space\" style=\"height: 70px\"><span class=\"vc_empty_space_inner\"><\/span><\/div><div class=\"vc_row wpb_row vc_inner vc_row-fluid mpc-row\"><div class=\"wpb_column vc_column_container vc_col-sm-2 mpc-column\" data-column-id=\"mpc_column-5269f009863c109\"><div class=\"vc_column-inner\"><div class=\"wpb_wrapper\"><\/div><\/div><\/div><div class=\"wpb_column vc_column_container vc_col-sm-8 mpc-column\" data-column-id=\"mpc_column-10069f009863c286\"><div class=\"vc_column-inner\"><div class=\"wpb_wrapper\">\n\t<div class=\"wpb_text_column wpb_content_element\">\n\t\t<div class=\"wpb_wrapper\">\n\t\t\t<h2 style=\"text-align: center;\"><span style=\"font-family: bon-vivant-serif; font-size: 30pt;\">Nuestros servicios<\/span><\/h2>\n\n\t\t<\/div>\n\t<\/div>\n<\/div><\/div><\/div><div class=\"wpb_column vc_column_container vc_col-sm-2 mpc-column\" data-column-id=\"mpc_column-5769f009863c346\"><div class=\"vc_column-inner\"><div class=\"wpb_wrapper\"><\/div><\/div><\/div><\/div><div class=\"vc_row wpb_row vc_inner vc_row-fluid vc_column-gap-20 vc_row-o-equal-height vc_row-o-content-middle vc_row-flex mpc-row\"><div class=\"wpb_column vc_column_container vc_col-sm-12 mpc-column\" data-column-id=\"mpc_column-9669f009863ce5a\"><div class=\"vc_column-inner\"><div class=\"wpb_wrapper\">\n\t<div class=\"wpb_single_image wpb_content_element vc_align_center wpb_content_element\">\n\t\t\n\t\t<figure class=\"wpb_wrapper vc_figure\">\n\t\t\t<div class=\"vc_single_image-wrapper   vc_box_border_grey\"><img loading=\"lazy\" decoding=\"async\" width=\"1024\" height=\"683\" src=\"https:\/\/yoann-conte.com\/wp-content\/uploads\/2025\/07\/ES-Pictogrammes-nos-prestations.png\" class=\"vc_single_image-img attachment-large\" alt=\"\" title=\"pictogramas - nuestros servicios\"><\/div>\n\t\t<\/figure>\n\t<\/div>\n<\/div><\/div><\/div><\/div><div class=\"vc_empty_space\" style=\"height: 70px\"><span class=\"vc_empty_space_inner\"><\/span><\/div><div class=\"vc_empty_space\" style=\"height: 70px\"><span class=\"vc_empty_space_inner\"><\/span><\/div><\/div><\/div><\/div><\/div><div class=\"vc_row-full-width vc_clearfix\"><\/div><div data-vc-full-width=\"true\" data-vc-full-width-init=\"false\" class=\"vc_row wpb_row vc_row-fluid vc_custom_1710349153358 vc_row-has-fill mpc-row\" data-row-id=\"mpc_row-7069f009863fa68\"><div class=\"mpc-overlay mpc-overlay--first\" data-speed=\"25\"><\/div><div class=\"wpb_column vc_column_container vc_col-sm-12 mpc-column\" data-column-id=\"mpc_column-4669f009863f97e\"><div class=\"vc_column-inner\"><div class=\"wpb_wrapper\"><div class=\"vc_row wpb_row vc_inner vc_row-fluid mpc-row\"><div class=\"wpb_column vc_column_container vc_col-sm-6 mpc-column\" data-column-id=\"mpc_column-1469f009863f32b\"><div class=\"vc_column-inner\"><div class=\"wpb_wrapper\"><div class=\"vc_empty_space\" style=\"height: 70px\"><span class=\"vc_empty_space_inner\"><\/span><\/div><div class=\"wpb_images_carousel wpb_content_element vc_clearfix wpb_content_element\"><div class=\"wpb_wrapper\"><div id=\"vc_images-carousel-1-1777338758\" data-ride=\"vc_carousel\" data-wrap=\"false\" style=\"width: 100%;\" data-interval=\"5000\" data-auto-height=\"yes\" data-mode=\"horizontal\" data-partial=\"false\" data-per-view=\"1\" data-hide-on-end=\"false\" class=\"vc_slide vc_images_carousel\"><div class=\"vc_carousel-inner\"><div class=\"vc_carousel-slideline\"><div class=\"vc_carousel-slideline-inner\"><div class=\"vc_item\"><div class=\"vc_inner\"><img loading=\"lazy\" decoding=\"async\" width=\"2560\" height=\"1707\" src=\"https:\/\/yoann-conte.com\/wp-content\/uploads\/2026\/02\/anthony_cottarel_4918-scaled.jpg\" class=\"attachment-full\" alt=\"\" title=\"anthony_cottarel_4918\" srcset=\"https:\/\/yoann-conte.com\/wp-content\/uploads\/2026\/02\/anthony_cottarel_4918-scaled.jpg 2560w, https:\/\/yoann-conte.com\/wp-content\/uploads\/2026\/02\/anthony_cottarel_4918-1280x854.jpg 1280w, https:\/\/yoann-conte.com\/wp-content\/uploads\/2026\/02\/anthony_cottarel_4918-980x653.jpg 980w, https:\/\/yoann-conte.com\/wp-content\/uploads\/2026\/02\/anthony_cottarel_4918-480x320.jpg 480w\" sizes=\"(min-width: 0px) and (max-width: 480px) 480px, (min-width: 481px) and (max-width: 980px) 980px, (min-width: 981px) and (max-width: 1280px) 1280px, (min-width: 1281px) 2560px, 100vw\"><\/div><\/div><div class=\"vc_item\"><div class=\"vc_inner\"><img loading=\"lazy\" decoding=\"async\" width=\"2560\" height=\"1811\" src=\"https:\/\/yoann-conte.com\/wp-content\/uploads\/2026\/02\/anthony_cottarel_4911-scaled.jpg\" class=\"attachment-full\" alt=\"\" title=\"anthony_cottarel_4911\" srcset=\"https:\/\/yoann-conte.com\/wp-content\/uploads\/2026\/02\/anthony_cottarel_4911-scaled.jpg 2560w, https:\/\/yoann-conte.com\/wp-content\/uploads\/2026\/02\/anthony_cottarel_4911-1280x906.jpg 1280w, https:\/\/yoann-conte.com\/wp-content\/uploads\/2026\/02\/anthony_cottarel_4911-980x693.jpg 980w, https:\/\/yoann-conte.com\/wp-content\/uploads\/2026\/02\/anthony_cottarel_4911-480x340.jpg 480w\" sizes=\"(min-width: 0px) and (max-width: 480px) 480px, (min-width: 481px) and (max-width: 980px) 980px, (min-width: 981px) and (max-width: 1280px) 1280px, (min-width: 1281px) 2560px, 100vw\"><\/div><\/div><\/div><\/div><\/div><\/div><\/div><\/div><\/div><\/div><\/div><div class=\"wpb_column vc_column_container vc_col-sm-6 mpc-column\" data-column-id=\"mpc_column-2269f009863f6a1\"><div class=\"vc_column-inner\"><div class=\"wpb_wrapper\"><div class=\"vc_empty_space\" style=\"height: 70px\"><span class=\"vc_empty_space_inner\"><\/span><\/div><div class=\"vc_empty_space\" style=\"height: 70px\"><span class=\"vc_empty_space_inner\"><\/span><\/div>\n\t<div class=\"wpb_text_column wpb_content_element\">\n\t\t<div class=\"wpb_wrapper\">\n\t\t\t<h3 style=\"text-align: center;\" class=\"translation-block\"><span style=\"font-family: bon-vivant-serif;font-size: 24pt;color: #f0f0f0\"><span style=\"font-family: gray-scale\">Nuestro desayuno<\/span><\/h3>\n\n\t\t<\/div>\n\t<\/div>\n\n\t<div class=\"wpb_text_column wpb_content_element\">\n\t\t<div class=\"wpb_wrapper\">\n\t\t\t<p style=\"text-align: justify;\"><span style=\"font-family: 'Book Antiqua', Palatino; font-size: 14pt; color: #f2f2f2;\">El desayuno matutino forma parte esencial de tu experiencia durante tu estancia, es por eso que hemos reinventado nuestro enfoque para evitar cualquier desperdicio. Nuestro concepto de desayuno se enfoca en reducir el desperdicio y combatir el exceso de alimentos.<\/span><\/p>\n<p style=\"text-align: justify;\" class=\"translation-block\"><span style=\"font-family: bon-vivant-serif;font-size: 14pt;color: #f2f2f2\">En lugar de ofrecer un buffet gigante, optamos por una selecci\u00f3n cuidadosa de productos frescos, locales, de temporada y caseros. \nSi tienes alg\u00fan deseo particular por alguno de nuestros productos, no dudes en informar a nuestro equipo de servicio, quienes estar\u00e1n encantados de personalizar tu experiencia de desayuno.<\/span><\/p>\n\n\t\t<\/div>\n\t<\/div>\n<\/div><\/div><\/div><\/div><div class=\"vc_empty_space\" style=\"height: 70px\"><span class=\"vc_empty_space_inner\"><\/span><\/div><\/div><\/div><\/div><\/div><div class=\"vc_row-full-width vc_clearfix\"><\/div>\n<\/div>","protected":false},"excerpt":{"rendered":"Nos Chambres Un cadre enchanteur, au bord du lac d'Annecy Chacune des 11 chambres et suites de &laquo; La Maison Bleue &raquo; dispose de balcons et de terrasses offrant de splendides vues sur la nature environnante. Gr&acirc;ce &agrave; l&rsquo;exposition exceptionnelle de &laquo; La Maison Bleue &raquo;, les rayons du soleil s&rsquo;invitent dans les voilages de","protected":false},"author":1,"featured_media":0,"parent":0,"menu_order":0,"comment_status":"closed","ping_status":"closed","template":"","meta":{"_et_pb_use_builder":"","_et_pb_old_content":"","_et_gb_content_width":"","inline_featured_image":false,"footnotes":""},"class_list":["post-29604","page","type-page","status-publish","hentry"],"yoast_head":"<!-- This site is optimized with the Yoast SEO plugin v27.4 - https:\/\/yoast.com\/product\/yoast-seo-wordpress\/ -->\n<title>Nos chambres - Yoann Conte, un lieu embl\u00e9matique \u00e0 Veyrier-du-lac, o\u00f9 se rencontrent l&#039;\u00e9l\u00e9gance de notre h\u00f4tel 5 \u00e9toiles et la cr\u00e9ativit\u00e9 d\u2019une cuisine gastronomique 2 \u00e9toiles, au c\u0153ur d\u2019un cadre naturel exceptionnel.<\/title>\n<meta name=\"description\" content=\"Chacune des 11 chambres et suites dispose de balcons et de terrasses offrant de splendides vues sur la nature environnante.\" \/>\n<meta name=\"robots\" content=\"index, follow, max-snippet:-1, max-image-preview:large, max-video-preview:-1\" \/>\n<link rel=\"canonical\" href=\"https:\/\/yoann-conte.com\/es\/nos-chambres\/\" \/>\n<meta property=\"og:locale\" content=\"es_ES\" \/>\n<meta property=\"og:type\" content=\"article\" \/>\n<meta property=\"og:title\" content=\"Nos chambres - Yoann Conte, un lieu embl\u00e9matique \u00e0 Veyrier-du-lac, o\u00f9 se rencontrent l&#039;\u00e9l\u00e9gance de notre h\u00f4tel 5 \u00e9toiles et la cr\u00e9ativit\u00e9 d\u2019une cuisine gastronomique 2 \u00e9toiles, au c\u0153ur d\u2019un cadre naturel exceptionnel.\" \/>\n<meta property=\"og:description\" content=\"Chacune des 11 chambres et suites dispose de balcons et de terrasses offrant de splendides vues sur la nature environnante.\" \/>\n<meta property=\"og:url\" content=\"https:\/\/yoann-conte.com\/es\/nos-chambres\/\" \/>\n<meta property=\"og:site_name\" content=\"Yoann Conte, un lieu embl\u00e9matique \u00e0 Veyrier-du-lac, o\u00f9 se rencontrent l&#039;\u00e9l\u00e9gance de notre h\u00f4tel 5 \u00e9toiles et la cr\u00e9ativit\u00e9 d\u2019une cuisine gastronomique 2 \u00e9toiles, au c\u0153ur d\u2019un cadre naturel exceptionnel.\" \/>\n<meta property=\"article:modified_time\" content=\"2026-04-14T14:55:15+00:00\" \/>\n<meta name=\"twitter:card\" content=\"summary_large_image\" \/>\n<meta name=\"twitter:label1\" content=\"Tiempo de lectura\" \/>\n\t<meta name=\"twitter:data1\" content=\"5 minutos\" \/>\n<script type=\"application\/ld+json\" class=\"yoast-schema-graph\">{\"@context\":\"https:\\\/\\\/schema.org\",\"@graph\":[{\"@type\":\"WebPage\",\"@id\":\"https:\\\/\\\/yoann-conte.com\\\/nos-chambres\\\/\",\"url\":\"https:\\\/\\\/yoann-conte.com\\\/nos-chambres\\\/\",\"name\":\"Nos chambres - Yoann Conte, un lieu embl\u00e9matique \u00e0 Veyrier-du-lac, o\u00f9 se rencontrent l&#039;\u00e9l\u00e9gance de notre h\u00f4tel 5 \u00e9toiles et la cr\u00e9ativit\u00e9 d\u2019une cuisine gastronomique 2 \u00e9toiles, au c\u0153ur d\u2019un cadre naturel exceptionnel.\",\"isPartOf\":{\"@id\":\"https:\\\/\\\/yoann-conte.com\\\/#website\"},\"datePublished\":\"2024-02-22T09:14:10+00:00\",\"dateModified\":\"2026-04-14T14:55:15+00:00\",\"description\":\"Chacune des 11 chambres et suites dispose de balcons et de terrasses offrant de splendides vues sur la nature environnante.\",\"breadcrumb\":{\"@id\":\"https:\\\/\\\/yoann-conte.com\\\/nos-chambres\\\/#breadcrumb\"},\"inLanguage\":\"es\",\"potentialAction\":[{\"@type\":\"ReadAction\",\"target\":[\"https:\\\/\\\/yoann-conte.com\\\/nos-chambres\\\/\"]}]},{\"@type\":\"BreadcrumbList\",\"@id\":\"https:\\\/\\\/yoann-conte.com\\\/nos-chambres\\\/#breadcrumb\",\"itemListElement\":[{\"@type\":\"ListItem\",\"position\":1,\"name\":\"Accueil\",\"item\":\"https:\\\/\\\/yoann-conte.com\\\/\"},{\"@type\":\"ListItem\",\"position\":2,\"name\":\"Nos chambres\"}]},{\"@type\":\"WebSite\",\"@id\":\"https:\\\/\\\/yoann-conte.com\\\/#website\",\"url\":\"https:\\\/\\\/yoann-conte.com\\\/\",\"name\":\"Yoann Conte, un lieu embl\u00e9matique \u00e0 Veyrier-du-lac, o\u00f9 se rencontrent l&#039;\u00e9l\u00e9gance de notre h\u00f4tel 5 \u00e9toiles et la cr\u00e9ativit\u00e9 d\u2019une cuisine gastronomique 2 \u00e9toiles, au c\u0153ur d\u2019un cadre naturel exceptionnel.\",\"description\":\"Restaurant gastronomique \u00e0 Annecy, Yoann Conte\",\"potentialAction\":[{\"@type\":\"SearchAction\",\"target\":{\"@type\":\"EntryPoint\",\"urlTemplate\":\"https:\\\/\\\/yoann-conte.com\\\/?s={search_term_string}\"},\"query-input\":{\"@type\":\"PropertyValueSpecification\",\"valueRequired\":true,\"valueName\":\"search_term_string\"}}],\"inLanguage\":\"es\"}]}<\/script>\n<!-- \/ Yoast SEO plugin. -->","yoast_head_json":{"title":"Nos chambres - Yoann Conte, un lieu embl\u00e9matique \u00e0 Veyrier-du-lac, o\u00f9 se rencontrent l&#039;\u00e9l\u00e9gance de notre h\u00f4tel 5 \u00e9toiles et la cr\u00e9ativit\u00e9 d\u2019une cuisine gastronomique 2 \u00e9toiles, au c\u0153ur d\u2019un cadre naturel exceptionnel.","description":"Chacune des 11 chambres et suites dispose de balcons et de terrasses offrant de splendides vues sur la nature environnante.","robots":{"index":"index","follow":"follow","max-snippet":"max-snippet:-1","max-image-preview":"max-image-preview:large","max-video-preview":"max-video-preview:-1"},"canonical":"https:\/\/yoann-conte.com\/es\/nos-chambres\/","og_locale":"es_ES","og_type":"article","og_title":"Nos chambres - Yoann Conte, un lieu embl\u00e9matique \u00e0 Veyrier-du-lac, o\u00f9 se rencontrent l&#039;\u00e9l\u00e9gance de notre h\u00f4tel 5 \u00e9toiles et la cr\u00e9ativit\u00e9 d\u2019une cuisine gastronomique 2 \u00e9toiles, au c\u0153ur d\u2019un cadre naturel exceptionnel.","og_description":"Chacune des 11 chambres et suites dispose de balcons et de terrasses offrant de splendides vues sur la nature environnante.","og_url":"https:\/\/yoann-conte.com\/es\/nos-chambres\/","og_site_name":"Yoann Conte, un lieu embl\u00e9matique \u00e0 Veyrier-du-lac, o\u00f9 se rencontrent l&#039;\u00e9l\u00e9gance de notre h\u00f4tel 5 \u00e9toiles et la cr\u00e9ativit\u00e9 d\u2019une cuisine gastronomique 2 \u00e9toiles, au c\u0153ur d\u2019un cadre naturel exceptionnel.","article_modified_time":"2026-04-14T14:55:15+00:00","twitter_card":"summary_large_image","twitter_misc":{"Tiempo de lectura":"5 minutos"},"schema":{"@context":"https:\/\/schema.org","@graph":[{"@type":"WebPage","@id":"https:\/\/yoann-conte.com\/nos-chambres\/","url":"https:\/\/yoann-conte.com\/nos-chambres\/","name":"Nos chambres - Yoann Conte, un lieu embl\u00e9matique \u00e0 Veyrier-du-lac, o\u00f9 se rencontrent l&#039;\u00e9l\u00e9gance de notre h\u00f4tel 5 \u00e9toiles et la cr\u00e9ativit\u00e9 d\u2019une cuisine gastronomique 2 \u00e9toiles, au c\u0153ur d\u2019un cadre naturel exceptionnel.","isPartOf":{"@id":"https:\/\/yoann-conte.com\/#website"},"datePublished":"2024-02-22T09:14:10+00:00","dateModified":"2026-04-14T14:55:15+00:00","description":"Chacune des 11 chambres et suites dispose de balcons et de terrasses offrant de splendides vues sur la nature environnante.","breadcrumb":{"@id":"https:\/\/yoann-conte.com\/nos-chambres\/#breadcrumb"},"inLanguage":"es","potentialAction":[{"@type":"ReadAction","target":["https:\/\/yoann-conte.com\/nos-chambres\/"]}]},{"@type":"BreadcrumbList","@id":"https:\/\/yoann-conte.com\/nos-chambres\/#breadcrumb","itemListElement":[{"@type":"ListItem","position":1,"name":"Accueil","item":"https:\/\/yoann-conte.com\/"},{"@type":"ListItem","position":2,"name":"Nos chambres"}]},{"@type":"WebSite","@id":"https:\/\/yoann-conte.com\/#website","url":"https:\/\/yoann-conte.com\/","name":"Yoann Conte, un lieu embl\u00e9matique \u00e0 Veyrier-du-lac, o\u00f9 se rencontrent l&#039;\u00e9l\u00e9gance de notre h\u00f4tel 5 \u00e9toiles et la cr\u00e9ativit\u00e9 d\u2019une cuisine gastronomique 2 \u00e9toiles, au c\u0153ur d\u2019un cadre naturel exceptionnel.","description":"Restaurante gastron\u00f3mico en Annecy, Yoann Conte","potentialAction":[{"@type":"SearchAction","target":{"@type":"EntryPoint","urlTemplate":"https:\/\/yoann-conte.com\/?s={search_term_string}"},"query-input":{"@type":"PropertyValueSpecification","valueRequired":true,"valueName":"search_term_string"}}],"inLanguage":"es"}]}},"_links":{"self":[{"href":"https:\/\/yoann-conte.com\/es\/wp-json\/wp\/v2\/pages\/29604","targetHints":{"allow":["GET"]}}],"collection":[{"href":"https:\/\/yoann-conte.com\/es\/wp-json\/wp\/v2\/pages"}],"about":[{"href":"https:\/\/yoann-conte.com\/es\/wp-json\/wp\/v2\/types\/page"}],"author":[{"embeddable":true,"href":"https:\/\/yoann-conte.com\/es\/wp-json\/wp\/v2\/users\/1"}],"replies":[{"embeddable":true,"href":"https:\/\/yoann-conte.com\/es\/wp-json\/wp\/v2\/comments?post=29604"}],"version-history":[{"count":7,"href":"https:\/\/yoann-conte.com\/es\/wp-json\/wp\/v2\/pages\/29604\/revisions"}],"predecessor-version":[{"id":35219,"href":"https:\/\/yoann-conte.com\/es\/wp-json\/wp\/v2\/pages\/29604\/revisions\/35219"}],"wp:attachment":[{"href":"https:\/\/yoann-conte.com\/es\/wp-json\/wp\/v2\/media?parent=29604"}],"curies":[{"name":"wp","href":"https:\/\/api.w.org\/{rel}","templated":true}]}}