{"id":34785,"date":"2025-11-28T11:19:28","date_gmt":"2025-11-28T10:19:28","guid":{"rendered":"https:\/\/yoann-conte.com\/?page_id=34785"},"modified":"2026-03-03T10:05:56","modified_gmt":"2026-03-03T09:05:56","slug":"menu-le-mazot","status":"publish","type":"page","link":"https:\/\/yoann-conte.com\/en\/menu-le-mazot\/","title":{"rendered":"Menu Le MAZOT"},"content":{"rendered":"<div class=\"wpb-content-wrapper\"><div class=\"vc_row wpb_row vc_row-fluid vc_custom_1764164569653 mpc-row\"><div class=\"wpb_column vc_column_container vc_col-sm-12 mpc-column\" data-column-id=\"mpc_column-4569f4d5a4aa04a\"><div class=\"vc_column-inner\"><div class=\"wpb_wrapper\"><div class=\"vc_row wpb_row vc_inner vc_row-fluid vc_row-o-content-middle vc_row-flex mpc-row\"><div class=\"wpb_column vc_column_container vc_col-sm-4 mpc-column\" data-column-id=\"mpc_column-1669f4d5a4a6a85\"><div class=\"vc_column-inner\"><div class=\"wpb_wrapper\"><\/div><\/div><\/div><div class=\"wpb_column vc_column_container vc_col-sm-4 mpc-column\" data-column-id=\"mpc_column-4069f4d5a4a9926\"><div class=\"vc_column-inner\"><div class=\"wpb_wrapper\">\n\t<div class=\"wpb_single_image wpb_content_element vc_align_left wpb_content_element\">\n\t\t\n\t\t<figure class=\"wpb_wrapper vc_figure\">\n\t\t\t<div class=\"vc_single_image-wrapper   vc_box_border_grey\"><img loading=\"lazy\" decoding=\"async\" width=\"1024\" height=\"483\" src=\"https:\/\/yoann-conte.com\/wp-content\/uploads\/2025\/11\/logo-secondaire-le-MAZOT-2-pdf-1024x483.jpg\" class=\"vc_single_image-img attachment-large\" alt=\"\" title=\"logo-secondaire-le-MAZOT-2\"><\/div>\n\t\t<\/figure>\n\t<\/div>\n<\/div><\/div><\/div><div class=\"wpb_column vc_column_container vc_col-sm-4 mpc-column\" data-column-id=\"mpc_column-5169f4d5a4a9b28\"><div class=\"vc_column-inner\"><div class=\"wpb_wrapper\"><\/div><\/div><\/div><\/div>\n\t<div class=\"wpb_text_column wpb_content_element\">\n\t\t<div class=\"wpb_wrapper\">\n\t\t\t<p style=\"text-align: center;\"><span style=\"font-size: 36pt; font-family: bon-vivant-serif;\">THE MAZOT MENU&nbsp;<\/span><\/p>\n\n\t\t<\/div>\n\t<\/div>\n<div class=\"vc_empty_space\" style=\"height: 100px\"><span class=\"vc_empty_space_inner\"><\/span><\/div><\/div><\/div><\/div><\/div><div class=\"vc_row wpb_row vc_row-fluid mpc-row\"><div class=\"wpb_column vc_column_container vc_col-sm-4 mpc-column\" data-column-id=\"mpc_column-7569f4d5a4aa532\"><div class=\"vc_column-inner\"><div class=\"wpb_wrapper\"><\/div><\/div><\/div><div class=\"wpb_column vc_column_container vc_col-sm-4 mpc-column\" data-column-id=\"mpc_column-5069f4d5a4aa7ed\"><div class=\"vc_column-inner\"><div class=\"wpb_wrapper\">\n\t<div class=\"wpb_text_column wpb_content_element\">\n\t\t<div class=\"wpb_wrapper\">\n\t\t\t<p style=\"text-align: center;\"><span style=\"font-family: gray-scale; font-size: 24pt; color: #8f854d;\">Our menus<\/span><\/p>\n\n\t\t<\/div>\n\t<\/div>\n<\/div><\/div><\/div><div class=\"wpb_column vc_column_container vc_col-sm-4 mpc-column\" data-column-id=\"mpc_column-5069f4d5a4aa941\"><div class=\"vc_column-inner\"><div class=\"wpb_wrapper\"><\/div><\/div><\/div><\/div><div class=\"vc_row wpb_row vc_row-fluid mpc-row\"><div class=\"wpb_column vc_column_container vc_col-sm-12 mpc-column\" data-column-id=\"mpc_column-4469f4d5a4aae0d\"><div class=\"vc_column-inner\"><div class=\"wpb_wrapper\"><\/div><\/div><\/div><\/div><div class=\"vc_row wpb_row vc_row-fluid mpc-row\"><div class=\"wpb_column vc_column_container vc_col-sm-12 mpc-column\" data-column-id=\"mpc_column-1869f4d5a4ab610\"><div class=\"vc_column-inner\"><div class=\"wpb_wrapper\">\n\t<div class=\"wpb_text_column wpb_content_element\">\n\t\t<div class=\"wpb_wrapper\">\n\t\t\t<p style=\"text-align: center;\"><strong><span style=\"font-family: brandon; font-size: 14pt;\">Menu Raclette &agrave; la demi-meule &ndash; &nbsp;74 &euro;<br>\n<\/span><\/strong><em><strong><span style=\"font-family: brandon; font-size: 14pt;\">Served traditionally<\/span><\/strong><\/em><\/p>\n<p style=\"text-align: center;\"><span style=\"font-family: brandon; font-size: 14pt;\">Savoie cheese melted directly from the half wheel, scraped by hand for a generous and authentic experience.<\/span><\/p>\n<p style=\"text-align: center;\"><span style=\"font-family: brandon; font-size: 14pt;\"><strong>Aperitif:<\/strong><br>\n1 glass of Savoie sparkling wine<br>\n<\/span><span style=\"font-family: brandon; font-size: 14pt;\">Homemade potato doughnuts<\/span><\/p>\n<p style=\"text-align: center;\"><span style=\"font-family: brandon; font-size: 14pt;\"><strong>Accompanied by:<\/strong><br>\nPotatoes<br>\nArtisanal charcuterie<br>\nCondiments<br>\nFresh green salad<\/span><\/p>\n<p style=\"text-align: center;\"><span style=\"font-family: brandon; font-size: 14pt;\"><strong>Dessert<\/strong><br>\nQuick-baked thin apple tart<\/span><\/p>\n\n\t\t<\/div>\n\t<\/div>\n<div class=\"vc_separator wpb_content_element vc_separator_align_center vc_sep_width_50 vc_sep_pos_align_center vc_separator_no_text vc_sep_color_grey wpb_content_element  wpb_content_element\"><span class=\"vc_sep_holder vc_sep_holder_l\"><span class=\"vc_sep_line\"><\/span><\/span><span class=\"vc_sep_holder vc_sep_holder_r\"><span class=\"vc_sep_line\"><\/span><\/span>\n<\/div><\/div><\/div><\/div><\/div><div class=\"vc_row wpb_row vc_row-fluid mpc-row\"><div class=\"wpb_column vc_column_container vc_col-sm-12 mpc-column\" data-column-id=\"mpc_column-8869f4d5a4ac10d\"><div class=\"vc_column-inner\"><div class=\"wpb_wrapper\">\n\t<div class=\"wpb_text_column wpb_content_element\">\n\t\t<div class=\"wpb_wrapper\">\n\t\t\t<p style=\"text-align: center;\"><strong><span style=\"font-family: brandon; font-size: 14pt;\">Savoyard fondue menu \u2013 \u20ac74<\/span><\/strong><\/p>\n<p style=\"text-align: center;\"><span style=\"font-family: brandon; font-size: 14pt;\">A homemade blend of two regional cheeses \u2014 Beaufort and Abondance<\/span><\/p>\n<p style=\"text-align: center;\"><span style=\"font-family: brandon; font-size: 14pt;\"><strong>Aperitif:<\/strong><br>\n1 glass of Savoie sparkling wine<br>\n<\/span><span style=\"font-family: brandon; font-size: 14pt;\">Homemade potato doughnuts<\/span><\/p>\n<p style=\"text-align: center;\"><span style=\"font-family: brandon; font-size: 14pt;\"><strong>Served with:<\/strong><br>\nLightly toasted bread<br>\nPotatoes<br>\nArtisanal charcuterie<br>\nFresh green salad<\/span><\/p>\n<p style=\"text-align: center;\"><span style=\"font-family: brandon; font-size: 14pt;\"><strong>Dessert<\/strong><br>\nQuick-baked thin apple tart<\/span><\/p>\n\n\t\t<\/div>\n\t<\/div>\n<div class=\"vc_empty_space\" style=\"height: 50px\"><span class=\"vc_empty_space_inner\"><\/span><\/div>\n\t<div class=\"wpb_text_column wpb_content_element\">\n\t\t<div class=\"wpb_wrapper\">\n\t\t\t<p style=\"text-align: center;\"><em><span style=\"font-family: brandon; font-size: 14pt;\">Side dishes or other elements of the meal can be replenished upon request, ensuring that the experience remains generous and seamless.<\/span><\/em><\/p>\n\n\t\t<\/div>\n\t<\/div>\n<div class=\"vc_empty_space\" style=\"height: 20px\"><span class=\"vc_empty_space_inner\"><\/span><\/div><div class=\"vc_separator wpb_content_element vc_separator_align_center vc_sep_width_50 vc_sep_pos_align_center vc_separator_no_text vc_sep_color_grey wpb_content_element  wpb_content_element\"><span class=\"vc_sep_holder vc_sep_holder_l\"><span class=\"vc_sep_line\"><\/span><\/span><span class=\"vc_sep_holder vc_sep_holder_r\"><span class=\"vc_sep_line\"><\/span><\/span>\n<\/div>\n\t<div class=\"wpb_text_column wpb_content_element\">\n\t\t<div class=\"wpb_wrapper\">\n\t\t\t<p style=\"text-align: center;\"><em><span style=\"font-family: brandon; font-size: 14pt;\">For all booking requests, our reception team is at your disposal.<br>\non <strong>04 50 09 97 49<\/strong>.<\/span><\/em><\/p>\n\n\t\t<\/div>\n\t<\/div>\n<\/div><\/div><\/div><\/div><div class=\"vc_row wpb_row vc_row-fluid mpc-row\"><div class=\"wpb_column vc_column_container vc_col-sm-4 mpc-column\" data-column-id=\"mpc_column-3469f4d5a4ad2f1\"><div class=\"vc_column-inner\"><div class=\"wpb_wrapper\">\n\t<div class=\"wpb_single_image wpb_content_element vc_align_center wpb_content_element\">\n\t\t\n\t\t<figure class=\"wpb_wrapper vc_figure\">\n\t\t\t<div class=\"vc_single_image-wrapper   vc_box_border_grey\"><img loading=\"lazy\" decoding=\"async\" width=\"1440\" height=\"2560\" src=\"https:\/\/yoann-conte.com\/wp-content\/uploads\/2025\/11\/mazot-food-1-scaled.jpg\" class=\"vc_single_image-img attachment-full\" alt=\"\" title=\"mazot food 1\" srcset=\"https:\/\/yoann-conte.com\/wp-content\/uploads\/2025\/11\/mazot-food-1-scaled.jpg 1440w, https:\/\/yoann-conte.com\/wp-content\/uploads\/2025\/11\/mazot-food-1-1280x2276.jpg 1280w, https:\/\/yoann-conte.com\/wp-content\/uploads\/2025\/11\/mazot-food-1-980x1742.jpg 980w, https:\/\/yoann-conte.com\/wp-content\/uploads\/2025\/11\/mazot-food-1-480x853.jpg 480w\" sizes=\"(min-width: 0px) and (max-width: 480px) 480px, (min-width: 481px) and (max-width: 980px) 980px, (min-width: 981px) and (max-width: 1280px) 1280px, (min-width: 1281px) 1440px, 100vw\"><\/div>\n\t\t<\/figure>\n\t<\/div>\n<\/div><\/div><\/div><div class=\"wpb_column vc_column_container vc_col-sm-4 mpc-column\" data-column-id=\"mpc_column-5469f4d5a4ae071\"><div class=\"vc_column-inner\"><div class=\"wpb_wrapper\">\n\t<div class=\"wpb_single_image wpb_content_element vc_align_left wpb_content_element\">\n\t\t\n\t\t<figure class=\"wpb_wrapper vc_figure\">\n\t\t\t<div class=\"vc_single_image-wrapper   vc_box_border_grey\"><img decoding=\"async\" class=\"vc_single_image-img\" src=\"https:\/\/yoann-conte.com\/wp-content\/uploads\/2025\/11\/MAZOT-NUIT-3-1-scaled.jpeg\" width=\"1440\" height=\"2560\" alt=\"MAZOT NUIT 3\" title=\"MAZOT NUIT 3\" loading=\"lazy\"><\/div>\n\t\t<\/figure>\n\t<\/div>\n<div class=\"vc_empty_space\" style=\"height: 100px\"><span class=\"vc_empty_space_inner\"><\/span><\/div><\/div><\/div><\/div><div class=\"wpb_column vc_column_container vc_col-sm-4 mpc-column\" data-column-id=\"mpc_column-6269f4d5a4aef0a\"><div class=\"vc_column-inner\"><div class=\"wpb_wrapper\">\n\t<div class=\"wpb_single_image wpb_content_element vc_align_left wpb_content_element\">\n\t\t\n\t\t<figure class=\"wpb_wrapper vc_figure\">\n\t\t\t<div class=\"vc_single_image-wrapper   vc_box_border_grey\"><img loading=\"lazy\" decoding=\"async\" width=\"1440\" height=\"2560\" src=\"https:\/\/yoann-conte.com\/wp-content\/uploads\/2025\/11\/mazot-food-2-scaled.jpg\" class=\"vc_single_image-img attachment-full\" alt=\"\" title=\"mazot food 2\" srcset=\"https:\/\/yoann-conte.com\/wp-content\/uploads\/2025\/11\/mazot-food-2-scaled.jpg 1440w, https:\/\/yoann-conte.com\/wp-content\/uploads\/2025\/11\/mazot-food-2-1280x2276.jpg 1280w, https:\/\/yoann-conte.com\/wp-content\/uploads\/2025\/11\/mazot-food-2-980x1742.jpg 980w, https:\/\/yoann-conte.com\/wp-content\/uploads\/2025\/11\/mazot-food-2-480x853.jpg 480w\" sizes=\"(min-width: 0px) and (max-width: 480px) 480px, (min-width: 481px) and (max-width: 980px) 980px, (min-width: 981px) and (max-width: 1280px) 1280px, (min-width: 1281px) 1440px, 100vw\"><\/div>\n\t\t<\/figure>\n\t<\/div>\n<\/div><\/div><\/div><\/div>\n<\/div>","protected":false},"excerpt":{"rendered":"LA CARTE DU MAZOT&nbsp; Nos Menus Menu Raclette &agrave; la demi-meule - &nbsp;74 &euro; Servie &agrave; la traditionnelle Fromage de Savoie fondu directement &agrave; la demi-meule, racl&eacute; &agrave; la main pour une exp&eacute;rience g&eacute;n&eacute;reuse et authentique. Ap&eacute;ritif : 1 coupe de bulles de Savoie Beignets de pommes de terre maison Accompagn&eacute;e de : Pommes de","protected":false},"author":3,"featured_media":0,"parent":0,"menu_order":0,"comment_status":"closed","ping_status":"closed","template":"","meta":{"_et_pb_use_builder":"","_et_pb_old_content":"","_et_gb_content_width":"","inline_featured_image":false,"footnotes":""},"class_list":["post-34785","page","type-page","status-publish","hentry"],"yoast_head":"<!-- This site is optimized with the Yoast SEO plugin v27.5 - https:\/\/yoast.com\/product\/yoast-seo-wordpress\/ -->\n<title>Menu Le MAZOT - Yoann Conte, un lieu embl\u00e9matique \u00e0 Veyrier-du-lac, o\u00f9 se rencontrent l&#039;\u00e9l\u00e9gance de notre h\u00f4tel 5 \u00e9toiles et la cr\u00e9ativit\u00e9 d\u2019une cuisine gastronomique 2 \u00e9toiles, au c\u0153ur d\u2019un cadre naturel exceptionnel.<\/title>\n<meta name=\"description\" content=\"D\u00e9couvrez LE MAZOT : un concept fondue\/raclette au c\u0153ur du jardin de La Maison Bleue by Yoann Conte \u00e0 Veyrier-du-Lac, pour un hiver gourmand.\" \/>\n<meta name=\"robots\" content=\"index, follow, max-snippet:-1, max-image-preview:large, max-video-preview:-1\" \/>\n<link rel=\"canonical\" href=\"https:\/\/yoann-conte.com\/en\/menu-le-mazot\/\" \/>\n<meta property=\"og:locale\" content=\"en_GB\" \/>\n<meta property=\"og:type\" content=\"article\" \/>\n<meta property=\"og:title\" content=\"Menu Le MAZOT - Yoann Conte, un lieu embl\u00e9matique \u00e0 Veyrier-du-lac, o\u00f9 se rencontrent l&#039;\u00e9l\u00e9gance de notre h\u00f4tel 5 \u00e9toiles et la cr\u00e9ativit\u00e9 d\u2019une cuisine gastronomique 2 \u00e9toiles, au c\u0153ur d\u2019un cadre naturel exceptionnel.\" \/>\n<meta property=\"og:description\" content=\"D\u00e9couvrez LE MAZOT : un concept fondue\/raclette au c\u0153ur du jardin de La Maison Bleue by Yoann Conte \u00e0 Veyrier-du-Lac, pour un hiver gourmand.\" \/>\n<meta property=\"og:url\" content=\"https:\/\/yoann-conte.com\/en\/menu-le-mazot\/\" \/>\n<meta property=\"og:site_name\" content=\"Yoann Conte, un lieu embl\u00e9matique \u00e0 Veyrier-du-lac, o\u00f9 se rencontrent l&#039;\u00e9l\u00e9gance de notre h\u00f4tel 5 \u00e9toiles et la cr\u00e9ativit\u00e9 d\u2019une cuisine gastronomique 2 \u00e9toiles, au c\u0153ur d\u2019un cadre naturel exceptionnel.\" \/>\n<meta property=\"article:modified_time\" content=\"2026-03-03T09:05:56+00:00\" \/>\n<meta name=\"twitter:card\" content=\"summary_large_image\" \/>\n<meta name=\"twitter:label1\" content=\"Estimated reading time\" \/>\n\t<meta name=\"twitter:data1\" content=\"2 minutes\" \/>\n<script type=\"application\/ld+json\" class=\"yoast-schema-graph\">{\"@context\":\"https:\\\/\\\/schema.org\",\"@graph\":[{\"@type\":\"WebPage\",\"@id\":\"https:\\\/\\\/yoann-conte.com\\\/menu-le-mazot\\\/\",\"url\":\"https:\\\/\\\/yoann-conte.com\\\/menu-le-mazot\\\/\",\"name\":\"Menu Le MAZOT - Yoann Conte, un lieu embl\u00e9matique \u00e0 Veyrier-du-lac, o\u00f9 se rencontrent l&#039;\u00e9l\u00e9gance de notre h\u00f4tel 5 \u00e9toiles et la cr\u00e9ativit\u00e9 d\u2019une cuisine gastronomique 2 \u00e9toiles, au c\u0153ur d\u2019un cadre naturel exceptionnel.\",\"isPartOf\":{\"@id\":\"https:\\\/\\\/yoann-conte.com\\\/#website\"},\"datePublished\":\"2025-11-28T10:19:28+00:00\",\"dateModified\":\"2026-03-03T09:05:56+00:00\",\"description\":\"D\u00e9couvrez LE MAZOT : un concept fondue\\\/raclette au c\u0153ur du jardin de La Maison Bleue by Yoann Conte \u00e0 Veyrier-du-Lac, pour un hiver gourmand.\",\"breadcrumb\":{\"@id\":\"https:\\\/\\\/yoann-conte.com\\\/menu-le-mazot\\\/#breadcrumb\"},\"inLanguage\":\"en-GB\",\"potentialAction\":[{\"@type\":\"ReadAction\",\"target\":[\"https:\\\/\\\/yoann-conte.com\\\/menu-le-mazot\\\/\"]}]},{\"@type\":\"BreadcrumbList\",\"@id\":\"https:\\\/\\\/yoann-conte.com\\\/menu-le-mazot\\\/#breadcrumb\",\"itemListElement\":[{\"@type\":\"ListItem\",\"position\":1,\"name\":\"Accueil\",\"item\":\"https:\\\/\\\/yoann-conte.com\\\/\"},{\"@type\":\"ListItem\",\"position\":2,\"name\":\"Menu Le MAZOT\"}]},{\"@type\":\"WebSite\",\"@id\":\"https:\\\/\\\/yoann-conte.com\\\/#website\",\"url\":\"https:\\\/\\\/yoann-conte.com\\\/\",\"name\":\"Yoann Conte, un lieu embl\u00e9matique \u00e0 Veyrier-du-lac, o\u00f9 se rencontrent l&#039;\u00e9l\u00e9gance de notre h\u00f4tel 5 \u00e9toiles et la cr\u00e9ativit\u00e9 d\u2019une cuisine gastronomique 2 \u00e9toiles, au c\u0153ur d\u2019un cadre naturel exceptionnel.\",\"description\":\"Restaurant gastronomique \u00e0 Annecy, Yoann Conte\",\"potentialAction\":[{\"@type\":\"SearchAction\",\"target\":{\"@type\":\"EntryPoint\",\"urlTemplate\":\"https:\\\/\\\/yoann-conte.com\\\/?s={search_term_string}\"},\"query-input\":{\"@type\":\"PropertyValueSpecification\",\"valueRequired\":true,\"valueName\":\"search_term_string\"}}],\"inLanguage\":\"en-GB\"}]}<\/script>\n<!-- \/ Yoast SEO plugin. -->","yoast_head_json":{"title":"Menu Le MAZOT - Yoann Conte, un lieu embl\u00e9matique \u00e0 Veyrier-du-lac, o\u00f9 se rencontrent l&#039;\u00e9l\u00e9gance de notre h\u00f4tel 5 \u00e9toiles et la cr\u00e9ativit\u00e9 d\u2019une cuisine gastronomique 2 \u00e9toiles, au c\u0153ur d\u2019un cadre naturel exceptionnel.","description":"D\u00e9couvrez LE MAZOT : un concept fondue\/raclette au c\u0153ur du jardin de La Maison Bleue by Yoann Conte \u00e0 Veyrier-du-Lac, pour un hiver gourmand.","robots":{"index":"index","follow":"follow","max-snippet":"max-snippet:-1","max-image-preview":"max-image-preview:large","max-video-preview":"max-video-preview:-1"},"canonical":"https:\/\/yoann-conte.com\/en\/menu-le-mazot\/","og_locale":"en_GB","og_type":"article","og_title":"Menu Le MAZOT - Yoann Conte, un lieu embl\u00e9matique \u00e0 Veyrier-du-lac, o\u00f9 se rencontrent l&#039;\u00e9l\u00e9gance de notre h\u00f4tel 5 \u00e9toiles et la cr\u00e9ativit\u00e9 d\u2019une cuisine gastronomique 2 \u00e9toiles, au c\u0153ur d\u2019un cadre naturel exceptionnel.","og_description":"D\u00e9couvrez LE MAZOT : un concept fondue\/raclette au c\u0153ur du jardin de La Maison Bleue by Yoann Conte \u00e0 Veyrier-du-Lac, pour un hiver gourmand.","og_url":"https:\/\/yoann-conte.com\/en\/menu-le-mazot\/","og_site_name":"Yoann Conte, un lieu embl\u00e9matique \u00e0 Veyrier-du-lac, o\u00f9 se rencontrent l&#039;\u00e9l\u00e9gance de notre h\u00f4tel 5 \u00e9toiles et la cr\u00e9ativit\u00e9 d\u2019une cuisine gastronomique 2 \u00e9toiles, au c\u0153ur d\u2019un cadre naturel exceptionnel.","article_modified_time":"2026-03-03T09:05:56+00:00","twitter_card":"summary_large_image","twitter_misc":{"Estimated reading time":"2 minutes"},"schema":{"@context":"https:\/\/schema.org","@graph":[{"@type":"WebPage","@id":"https:\/\/yoann-conte.com\/menu-le-mazot\/","url":"https:\/\/yoann-conte.com\/menu-le-mazot\/","name":"Menu Le MAZOT - Yoann Conte, un lieu embl\u00e9matique \u00e0 Veyrier-du-lac, o\u00f9 se rencontrent l&#039;\u00e9l\u00e9gance de notre h\u00f4tel 5 \u00e9toiles et la cr\u00e9ativit\u00e9 d\u2019une cuisine gastronomique 2 \u00e9toiles, au c\u0153ur d\u2019un cadre naturel exceptionnel.","isPartOf":{"@id":"https:\/\/yoann-conte.com\/#website"},"datePublished":"2025-11-28T10:19:28+00:00","dateModified":"2026-03-03T09:05:56+00:00","description":"D\u00e9couvrez LE MAZOT : un concept fondue\/raclette au c\u0153ur du jardin de La Maison Bleue by Yoann Conte \u00e0 Veyrier-du-Lac, pour un hiver gourmand.","breadcrumb":{"@id":"https:\/\/yoann-conte.com\/menu-le-mazot\/#breadcrumb"},"inLanguage":"en-GB","potentialAction":[{"@type":"ReadAction","target":["https:\/\/yoann-conte.com\/menu-le-mazot\/"]}]},{"@type":"BreadcrumbList","@id":"https:\/\/yoann-conte.com\/menu-le-mazot\/#breadcrumb","itemListElement":[{"@type":"ListItem","position":1,"name":"Accueil","item":"https:\/\/yoann-conte.com\/"},{"@type":"ListItem","position":2,"name":"Menu Le MAZOT"}]},{"@type":"WebSite","@id":"https:\/\/yoann-conte.com\/#website","url":"https:\/\/yoann-conte.com\/","name":"Yoann Conte, un lieu embl\u00e9matique \u00e0 Veyrier-du-lac, o\u00f9 se rencontrent l&#039;\u00e9l\u00e9gance de notre h\u00f4tel 5 \u00e9toiles et la cr\u00e9ativit\u00e9 d\u2019une cuisine gastronomique 2 \u00e9toiles, au c\u0153ur d\u2019un cadre naturel exceptionnel.","description":"Gastronomic restaurant in Annecy, Yoann Conte","potentialAction":[{"@type":"SearchAction","target":{"@type":"EntryPoint","urlTemplate":"https:\/\/yoann-conte.com\/?s={search_term_string}"},"query-input":{"@type":"PropertyValueSpecification","valueRequired":true,"valueName":"search_term_string"}}],"inLanguage":"en-GB"}]}},"_links":{"self":[{"href":"https:\/\/yoann-conte.com\/en\/wp-json\/wp\/v2\/pages\/34785","targetHints":{"allow":["GET"]}}],"collection":[{"href":"https:\/\/yoann-conte.com\/en\/wp-json\/wp\/v2\/pages"}],"about":[{"href":"https:\/\/yoann-conte.com\/en\/wp-json\/wp\/v2\/types\/page"}],"author":[{"embeddable":true,"href":"https:\/\/yoann-conte.com\/en\/wp-json\/wp\/v2\/users\/3"}],"replies":[{"embeddable":true,"href":"https:\/\/yoann-conte.com\/en\/wp-json\/wp\/v2\/comments?post=34785"}],"version-history":[{"count":35,"href":"https:\/\/yoann-conte.com\/en\/wp-json\/wp\/v2\/pages\/34785\/revisions"}],"predecessor-version":[{"id":34897,"href":"https:\/\/yoann-conte.com\/en\/wp-json\/wp\/v2\/pages\/34785\/revisions\/34897"}],"wp:attachment":[{"href":"https:\/\/yoann-conte.com\/en\/wp-json\/wp\/v2\/media?parent=34785"}],"curies":[{"name":"wp","href":"https:\/\/api.w.org\/{rel}","templated":true}]}}