{"id":29949,"date":"2024-02-26T15:43:31","date_gmt":"2024-02-26T14:43:31","guid":{"rendered":"https:\/\/yoann-conte.com\/?page_id=29949"},"modified":"2026-03-13T17:56:18","modified_gmt":"2026-03-13T16:56:18","slug":"biographie","status":"publish","type":"page","link":"https:\/\/yoann-conte.com\/en\/biographie\/","title":{"rendered":"Biography"},"content":{"rendered":"<div class=\"wpb-content-wrapper\"><div data-vc-full-width=\"true\" data-vc-full-width-init=\"false\" data-vc-stretch-content=\"true\" class=\"vc_row wpb_row vc_row-fluid vc_custom_1709719803401 vc_column-gap-35 vc_row-no-padding vc_row-o-equal-height vc_row-flex mpc-row\" data-row-id=\"mpc_row-8969edee93087fc\"><div class=\"mpc-parallax-wrap\"><div class=\"mpc-parallax mpc-parallax-style--fixed\"><\/div><\/div><div class=\"mpc-overlay mpc-overlay--first\" data-speed=\"25\"><\/div><div class=\"wpb_column vc_column_container vc_col-sm-12 mpc-column\" data-column-id=\"mpc_column-9569edee93086f0\"><div class=\"vc_column-inner\"><div class=\"wpb_wrapper\"><div class=\"vc_row wpb_row vc_inner vc_row-fluid mpc-row\"><div class=\"wpb_column vc_column_container vc_col-sm-6 mpc-column\" data-column-id=\"mpc_column-8369edee9303688\"><div class=\"vc_column-inner\"><div class=\"wpb_wrapper\"><div class=\"vc_empty_space\" style=\"height: 200px\"><span class=\"vc_empty_space_inner\"><\/span><\/div>\n\t<div class=\"wpb_text_column wpb_content_element vc_custom_1740494606679\">\n\t\t<div class=\"wpb_wrapper\">\n\t\t\t<h2 style=\"text-align: center;\"><span style=\"font-family: bon-vivant-serif; color: #f2f2f2; font-size: 30pt;\">Yoann Conte Conductor at the Maison Bleue<\/span><\/h2>\n<h2 style=\"text-align: center;\"><span style=\"font-family: gray-scale; font-size: 18pt; color: #f2f2f2;\">\"La Maison Bleue is a story of life, passion and transmission\"<\/span><\/h2>\n\n\t\t<\/div>\n\t<\/div>\n<div class=\"vc_empty_space\" style=\"height: 25px\"><span class=\"vc_empty_space_inner\"><\/span><\/div>\n\t<div class=\"wpb_text_column wpb_content_element vc_custom_1760012450376\">\n\t\t<div class=\"wpb_wrapper\">\n\t\t\t<p class=\"cvGsUA direction-ltr align-center para-style-body\" style=\"text-align: justify;\"><span class=\"OYPEnA text-decoration-none text-strikethrough-none\" style=\"font-family: brandon-light; font-size: 14pt; color: #f7f7f7;\">Since 2010, La Maison Bleue has been regularly redesigned. Yoann Conte himself has \"moved walls\" to better connect teams and give this wonderful place an extra touch of soul that is so unique.<\/span><\/p>\n<p class=\"cvGsUA direction-ltr align-center para-style-body\" style=\"text-align: justify;\"><span class=\"OYPEnA text-decoration-none text-strikethrough-none\" style=\"font-family: brandon-light; font-size: 14pt; color: #f7f7f7;\">La Maison Bleue is alive all year round, every day... and at every moment a team is preparing a unique and privileged moment for you.&nbsp;<\/span><\/p>\n\n\t\t<\/div>\n\t<\/div>\n<div class=\"vc_empty_space\" style=\"height: 30px\"><span class=\"vc_empty_space_inner\"><\/span><\/div>\n\t<div class=\"wpb_text_column wpb_content_element\">\n\t\t<div class=\"wpb_wrapper\">\n\t\t\t<p style=\"text-align: center;\"><span style=\"font-family: brandon; font-size: 14pt; color: #f0f0f0;\"><strong><a style=\"color: #f0f0f0;\" href=\"#portrait\"><span style=\"font-family: bon-vivant-bold;\"><span style=\"font-size: 12pt;\">P<\/span><\/span><span style=\"font-size: 12pt; font-family: bon-vivant-bold;\">ORTRAIT&nbsp;<\/span><\/a><span style=\"font-size: 12pt; font-family: bon-vivant-bold;\"> | &nbsp;<a style=\"color: #f0f0f0;\" href=\"#inspiration\">TRANSMISSION&nbsp;<\/a> | &nbsp;<a style=\"color: #f0f0f0;\" href=\"#dates\">KEY DATES<\/a><\/span><\/strong><\/span><\/p>\n\n\t\t<\/div>\n\t<\/div>\n<\/div><\/div><\/div><div class=\"wpb_column vc_column_container vc_col-sm-6 mpc-column\" data-column-id=\"mpc_column-7069edee9308363\"><div class=\"vc_column-inner\"><div class=\"wpb_wrapper\">\n\t<div class=\"wpb_single_image wpb_content_element vc_align_center wpb_content_element\">\n\t\t\n\t\t<figure class=\"wpb_wrapper vc_figure\">\n\t\t\t<div class=\"vc_single_image-wrapper   vc_box_border_grey\"><img loading=\"lazy\" decoding=\"async\" width=\"830\" height=\"1024\" src=\"https:\/\/yoann-conte.com\/wp-content\/uploads\/2024\/03\/conte-portrait-foudimages-046-scaled-e1709717215612-830x1024.jpg\" class=\"vc_single_image-img attachment-large\" alt=\"\" title=\"tale-portrait-foudimages-046\" srcset=\"https:\/\/yoann-conte.com\/wp-content\/uploads\/2024\/03\/conte-portrait-foudimages-046-scaled-e1709717215612-830x1024.jpg 830w, https:\/\/yoann-conte.com\/wp-content\/uploads\/2024\/03\/conte-portrait-foudimages-046-scaled-e1709717215612-243x300.jpg 243w, https:\/\/yoann-conte.com\/wp-content\/uploads\/2024\/03\/conte-portrait-foudimages-046-scaled-e1709717215612-768x948.jpg 768w, https:\/\/yoann-conte.com\/wp-content\/uploads\/2024\/03\/conte-portrait-foudimages-046-scaled-e1709717215612-1245x1536.jpg 1245w, https:\/\/yoann-conte.com\/wp-content\/uploads\/2024\/03\/conte-portrait-foudimages-046-scaled-e1709717215612-1080x1333.jpg 1080w, https:\/\/yoann-conte.com\/wp-content\/uploads\/2024\/03\/conte-portrait-foudimages-046-scaled-e1709717215612-1320x1629.jpg 1320w, https:\/\/yoann-conte.com\/wp-content\/uploads\/2024\/03\/conte-portrait-foudimages-046-scaled-e1709717215612-600x740.jpg 600w\" sizes=\"(max-width: 830px) 100vw, 830px\"><\/div>\n\t\t<\/figure>\n\t<\/div>\n<\/div><\/div><\/div><\/div><\/div><\/div><\/div><\/div><div class=\"vc_row-full-width vc_clearfix\"><\/div><div class=\"vc_row wpb_row vc_row-fluid vc_row-o-equal-height vc_row-flex mpc-row\"><div class=\"wpb_column vc_column_container vc_col-sm-12 mpc-column\" data-column-id=\"mpc_column-6369edee930c1a6\"><div class=\"vc_column-inner\"><div class=\"wpb_wrapper\"><div class=\"vc_row wpb_row vc_inner vc_row-fluid vc_row-o-equal-height vc_row-flex mpc-row\"><div class=\"wpb_column vc_column_container vc_col-sm-1\/5 mpc-column\" data-column-id=\"mpc_column-5269edee93093fa\"><div class=\"vc_column-inner\"><div class=\"wpb_wrapper\"><\/div><\/div><\/div><div class=\"wpb_column vc_column_container vc_col-sm-1\/5 mpc-column\" data-column-id=\"mpc_column-8669edee93094bd\"><div class=\"vc_column-inner\"><div class=\"wpb_wrapper\"><\/div><\/div><\/div><div class=\"wpb_column vc_column_container vc_col-sm-1\/5 mpc-column\" data-column-id=\"mpc_column-7469edee930b1ec\"><div class=\"vc_column-inner\"><div class=\"wpb_wrapper\">\n\t<div class=\"wpb_single_image wpb_content_element vc_align_center wpb_content_element\">\n\t\t\n\t\t<figure class=\"wpb_wrapper vc_figure\">\n\t\t\t<div class=\"vc_single_image-wrapper   vc_box_border_grey\"><\/div>\n\t\t<\/figure>\n\t<\/div>\n<\/div><\/div><\/div><div class=\"wpb_column vc_column_container vc_col-sm-1\/5 mpc-column\" data-column-id=\"mpc_column-9869edee930b2d2\"><div class=\"vc_column-inner\"><div class=\"wpb_wrapper\"><\/div><\/div><\/div><div class=\"wpb_column vc_column_container vc_col-sm-1\/5 mpc-column\" data-column-id=\"mpc_column-7269edee930b390\"><div class=\"vc_column-inner\"><div class=\"wpb_wrapper\"><\/div><\/div><\/div><\/div><div id=\"portrait\" class=\"vc_row wpb_row vc_inner vc_row-fluid mpc-row\"><div class=\"wpb_column vc_column_container vc_col-sm-2 mpc-column\" data-column-id=\"mpc_column-9269edee930b5aa\"><div class=\"vc_column-inner\"><div class=\"wpb_wrapper\"><\/div><\/div><\/div><div class=\"wpb_column vc_column_container vc_col-sm-8 mpc-column\" data-column-id=\"mpc_column-6669edee930b7d1\"><div class=\"vc_column-inner\"><div class=\"wpb_wrapper\">\n\t<div class=\"wpb_text_column wpb_content_element vc_custom_1733236154085\">\n\t\t<div class=\"wpb_wrapper\">\n\t\t\t<h2 style=\"text-align: center;\"><span style=\"font-size: 30pt;\"><span style=\"color: #000000; font-family: bon-vivant-bold;\">PORTRAIT<\/span><\/span><\/h2>\n\n\t\t<\/div>\n\t<\/div>\n\n\t<div class=\"wpb_text_column wpb_content_element\">\n\t\t<div class=\"wpb_wrapper\">\n\t\t\t<p class=\"cvGsUA direction-ltr align-center para-style-body\" style=\"text-align: center;\"><span class=\"OYPEnA text-decoration-none text-strikethrough-none\" style=\"font-family: brandon-light; font-size: 14pt;\">Yoann Conte was born in 1974 in Brest. A year after the birth of their first child, the Conte family chose Lorraine, their family home, and settled in Dombasle. For 10 years, they ran a hotel-restaurant called \"La Brasserie des Sports\".<\/span><\/p>\n\n\t\t<\/div>\n\t<\/div>\n<\/div><\/div><\/div><div class=\"wpb_column vc_column_container vc_col-sm-2 mpc-column\" data-column-id=\"mpc_column-469edee930b8ab\"><div class=\"vc_column-inner\"><div class=\"wpb_wrapper\"><\/div><\/div><\/div><\/div><div class=\"vc_empty_space\" style=\"height: 50px\"><span class=\"vc_empty_space_inner\"><\/span><\/div><div class=\"vc_row wpb_row vc_inner vc_row-fluid vc_row-o-equal-height vc_row-flex mpc-row\"><div class=\"wpb_column vc_column_container vc_col-sm-6 mpc-column\" data-column-id=\"mpc_column-9769edee930bc39\"><div class=\"vc_column-inner\"><div class=\"wpb_wrapper\">\n\t<div class=\"wpb_text_column wpb_content_element\">\n\t\t<div class=\"wpb_wrapper\">\n\t\t\t<p style=\"text-align: justify;\"><span style=\"font-family: brandon-light; font-size: 14pt;\">Yoann's father is from Lorraine, his mother from Brittany, but it was in Haute-Savoie that they decided to settle after spending many vacations there. Seduced by the setting, they sold the business and moved to Chamonix-Mont- Blanc in 1984. Yoann Conte spent a peaceful childhood here, punctuated by the seasons and the activities on offer in this world capital of skiing and mountaineering.<\/span><\/p>\n<p class=\"cvGsUA direction-ltr align-justify para-style-body\"><span class=\"OYPEnA text-decoration-none text-strikethrough-none\" style=\"font-size: 14pt; font-family: brandon-light;\">The family spirit, the conviviality and the sharing, soon inspired him to become part of the great family of cooking.<\/span><\/p>\n<p style=\"text-align: justify;\"><span style=\"font-family: brandon-light; font-size: 14pt;\">He then decided to study at the Thonon-les-Bains hotel school, where his first interest was pastry-making. He graduated in 1993 and joined the kitchens of the Auberge de l'Eridan, then run by Chef Marc Veyrat.<\/span><\/p>\n<p style=\"text-align: justify;\"><span style=\"font-family: brandon-light; font-size: 14pt;\">He worked alongside some of the great names in French cuisine, including Didier Oudill in Biarritz, Laurent Petit in Annecy-le-Vieux and Pierre Carrier in Chamonix.<\/span><\/p>\n<p style=\"text-align: justify;\"><span style=\"font-family: brandon-light; font-size: 14pt;\">Two years after the Veyrier-du-Lac restaurant was awarded its 3rd Michelin star, Yoann Conte decided to continue his apprenticeship in the United States, before training at prestigious French establishments.<\/span><\/p>\n\n\t\t<\/div>\n\t<\/div>\n<\/div><\/div><\/div><div class=\"wpb_column vc_column_container vc_col-sm-6 mpc-column\" data-column-id=\"mpc_column-2769edee930be97\"><div class=\"vc_column-inner\"><div class=\"wpb_wrapper\">\n\t<div class=\"wpb_text_column wpb_content_element vc_custom_1773420929834\">\n\t\t<div class=\"wpb_wrapper\">\n\t\t\t<p style=\"text-align: justify;\"><span style=\"font-family: josefin-sans; font-size: 14pt;\">In 2005, he became Chef at the Fitz Roy restaurant in Val-Thorens, then worked with Thierry Marx at Le Cordeillans-Bages. In 2006, Yoann Conte moved on to manage Les Jardins du Mont-Blanc, Chamonix's famous gourmet restaurant. <\/span><\/p>\n<p style=\"text-align: justify;\"><span style=\"font-family: josefin-sans; font-size: 14pt;\">His reputation continues to grow, and 2009 marks a turning point for him. He was crowned Best Newcomer in the Rh\u00f4nes-Alpes region, won a Marianne de la Gastronomie and a 16\/20 rating from Gault &amp; Millau, which named him Young Talent... <\/span><\/p>\n<p style=\"text-align: justify;\"><span style=\"font-family: josefin-sans; font-size: 14pt;\">In 2010, Yoann Conte took over the Maison de Marc Veyrat in Veyrier-du-Lac. Less than a year later, in March 2011, a first Michelin star returned to shine... Then in 2012, he was named \u201cEspoir 2 \u00e9toiles\u201d, before being awarded a 2nd macaron for his restaurant in February 2013. <\/span><\/p>\n<p style=\"text-align: justify;\"><span style=\"font-family: josefin-sans; font-size: 14pt;\">The hotel was not to be outdone, joining the prestigious Relais &amp; Ch\u00e2teaux association in 2014. In 2021, another award crowned the Chef: 5 toques at Gault &amp; Millau and 19\/20, while his new restaurant, Le Roc, was awarded 2 toques and a mark of 14\/20.<\/span><\/p>\n\n\t\t<\/div>\n\t<\/div>\n\n\t<div class=\"wpb_text_column wpb_content_element\">\n\t\t<div class=\"wpb_wrapper\">\n\t\t\t<p><span style=\"font-family: brandon-light; font-size: 14pt;\">&nbsp;<a href=\"https:\/\/www.facebook.com\/YoannConteCollection\">Facebook<\/a> | <a href=\"https:\/\/www.instagram.com\/yoannconte\/\">Instagram<\/a>&nbsp;<\/span><\/p>\n\n\t\t<\/div>\n\t<\/div>\n<\/div><\/div><\/div><\/div><div class=\"vc_empty_space\" style=\"height: 50px\"><span class=\"vc_empty_space_inner\"><\/span><\/div><\/div><\/div><\/div><\/div><div data-vc-full-width=\"true\" data-vc-full-width-init=\"false\" class=\"vc_row wpb_row vc_row-fluid vc_custom_1709798508424 vc_row-has-fill mpc-row\" data-row-id=\"mpc_row-2069edee930d189\"><div class=\"mpc-parallax-wrap\"><div class=\"mpc-parallax mpc-parallax-style--fixed\"><\/div><\/div><div class=\"mpc-overlay mpc-overlay--first\" data-speed=\"25\"><\/div><div class=\"wpb_column vc_column_container vc_col-sm-12 mpc-column\" data-column-id=\"mpc_column-9269edee930d101\"><div class=\"vc_column-inner\"><div class=\"wpb_wrapper\"><div class=\"vc_empty_space\" style=\"height: 50px\"><span class=\"vc_empty_space_inner\"><\/span><\/div>\n\t<div class=\"wpb_single_image wpb_content_element vc_align_center wpb_content_element\">\n\t\t\n\t\t<figure class=\"wpb_wrapper vc_figure\">\n\t\t\t<div class=\"vc_single_image-wrapper   vc_box_border_grey\"><img loading=\"lazy\" decoding=\"async\" width=\"2560\" height=\"1707\" src=\"https:\/\/yoann-conte.com\/wp-content\/uploads\/2024\/03\/conte-portrait-foudimages-047-scaled.jpg\" class=\"vc_single_image-img attachment-full\" alt=\"\" title=\"tale-portrait-foudimages-047\" srcset=\"https:\/\/yoann-conte.com\/wp-content\/uploads\/2024\/03\/conte-portrait-foudimages-047-scaled.jpg 2560w, https:\/\/yoann-conte.com\/wp-content\/uploads\/2024\/03\/conte-portrait-foudimages-047-1280x854.jpg 1280w, https:\/\/yoann-conte.com\/wp-content\/uploads\/2024\/03\/conte-portrait-foudimages-047-980x653.jpg 980w, https:\/\/yoann-conte.com\/wp-content\/uploads\/2024\/03\/conte-portrait-foudimages-047-480x320.jpg 480w\" sizes=\"(min-width: 0px) and (max-width: 480px) 480px, (min-width: 481px) and (max-width: 980px) 980px, (min-width: 981px) and (max-width: 1280px) 1280px, (min-width: 1281px) 2560px, 100vw\"><\/div>\n\t\t<\/figure>\n\t<\/div>\n<div class=\"vc_empty_space\" style=\"height: 50px\"><span class=\"vc_empty_space_inner\"><\/span><\/div><\/div><\/div><\/div><\/div><div class=\"vc_row-full-width vc_clearfix\"><\/div><div class=\"vc_row wpb_row vc_row-fluid mpc-row\"><div class=\"dc_inverser_colonnes-section wpb_column vc_column_container vc_col-sm-12 mpc-column\" data-column-id=\"mpc_column-5769edee930e578\"><div class=\"vc_column-inner\"><div class=\"wpb_wrapper\"><div class=\"vc_empty_space\" style=\"height: 50px\"><span class=\"vc_empty_space_inner\"><\/span><\/div><div id=\"inspiration\" class=\"vc_row wpb_row vc_inner vc_row-fluid dc_inverser_colonnes-ligne vc_column-gap-30 vc_row-o-equal-height vc_row-flex mpc-row\"><div class=\"wpb_column vc_column_container vc_col-sm-6 mpc-column\" data-column-id=\"mpc_column-4369edee930deac\"><div class=\"vc_column-inner\"><div class=\"wpb_wrapper\">\n\t<div class=\"wpb_single_image wpb_content_element vc_align_center wpb_content_element\">\n\t\t\n\t\t<figure class=\"wpb_wrapper vc_figure\">\n\t\t\t<div class=\"vc_single_image-wrapper   vc_box_border_grey\"><img loading=\"lazy\" decoding=\"async\" width=\"1707\" height=\"2560\" src=\"https:\/\/yoann-conte.com\/wp-content\/uploads\/2024\/03\/conte-veyrat-portrait-foudimages-015-scaled.jpg\" class=\"vc_single_image-img attachment-full\" alt=\"\" title=\"tale-veyrat-portrait-foudimages-015\"><\/div>\n\t\t<\/figure>\n\t<\/div>\n<\/div><\/div><\/div><div class=\"wpb_column vc_column_container vc_col-sm-6 mpc-column\" data-column-id=\"mpc_column-6769edee930e3a4\"><div class=\"vc_column-inner\"><div class=\"wpb_wrapper\"><div class=\"vc_empty_space\" style=\"height: 50px\"><span class=\"vc_empty_space_inner\"><\/span><\/div>\n\t<div class=\"wpb_text_column wpb_content_element\">\n\t\t<div class=\"wpb_wrapper\">\n\t\t\t<p style=\"text-align: center;\"><span style=\"font-family: bon-vivant-bold; font-size: 30pt;\">TRANSMISSION<\/span><\/p>\n\n\t\t<\/div>\n\t<\/div>\n<div class=\"vc_empty_space\" style=\"height: 50px\"><span class=\"vc_empty_space_inner\"><\/span><\/div>\n\t<div class=\"wpb_text_column wpb_content_element\">\n\t\t<div class=\"wpb_wrapper\">\n\t\t\t<p style=\"text-align: justify;\"><span style=\"font-size: 14pt; font-family: josefin-sans;\">Marc Veyrat instilled in me the joy of entrepreneurship, the art of seeing beyond and surpassing myself. His infectious passion for innovation and authenticity has left an indelible mark on me, guiding my approach towards excellence and creativity. In a world where everything moves so fast, it's essential to share and pass on. In the end, isn't passing on the experience of others the best way of developing a shared vision and perpetuating fundamental values? Today, our inn is home to a growing spiritual family, united by shared values and a vision handed down from generation to generation. This is the beauty of our story. Because our job goes much further than that... It involves opening the doors of our house to welcome travellers from all over the world as if they were in their own home. Love, sharing and the art of living are the pillars of our daily commitment. In our establishment, every dish, every smile, every moment shared is part of a timeless moment. We are proud to continue this tradition, to offer a haven where everyone can recharge their batteries and feel pampered.<\/span><\/p>\n<p style=\"text-align: justify;\"><span style=\"font-family: josefin-sans; font-size: 14pt;\">\"Always aim for the moon, for even when you fail, you land in the stars.\" - Oscar Wilde<\/span><\/p>\n\n\t\t<\/div>\n\t<\/div>\n<div class=\"vc_btn3-container vc_btn3-left vc_do_btn\"><a class=\"vc_general vc_btn3 vc_btn3-size-lg vc_btn3-shape-square vc_btn3-style-classic vc_btn3-color-white\" href=\"https:\/\/yoann-conte.com\/en\/les-equipes\/\" title=\"Our team\">Discover my teams<\/a><\/div><\/div><\/div><\/div><\/div><\/div><\/div><\/div><\/div><div class=\"vc_row wpb_row vc_row-fluid mpc-row\"><div class=\"wpb_column vc_column_container vc_col-sm-12 mpc-column\" data-column-id=\"mpc_column-5369edee930f8ed\"><div class=\"vc_column-inner\"><div class=\"wpb_wrapper\"><div class=\"vc_empty_space\" style=\"height: 50px\"><span class=\"vc_empty_space_inner\"><\/span><\/div><div class=\"vc_row wpb_row vc_inner vc_row-fluid vc_column-gap-30 vc_row-o-equal-height vc_row-flex mpc-row\"><div class=\"wpb_column vc_column_container vc_col-sm-6 mpc-column\" data-column-id=\"mpc_column-6769edee930ecce\"><div class=\"vc_column-inner\"><div class=\"wpb_wrapper\"><div class=\"vc_empty_space\" style=\"height: 50px\"><span class=\"vc_empty_space_inner\"><\/span><\/div>\n\t<div class=\"wpb_text_column wpb_content_element\">\n\t\t<div class=\"wpb_wrapper\">\n\t\t\t<p style=\"text-align: center;\"><span style=\"font-family: bon-vivant-bold; font-size: 30pt;\">EMOTION<\/span><\/p>\n\n\t\t<\/div>\n\t<\/div>\n<div class=\"vc_empty_space\" style=\"height: 50px\"><span class=\"vc_empty_space_inner\"><\/span><\/div>\n\t<div class=\"wpb_text_column wpb_content_element\">\n\t\t<div class=\"wpb_wrapper\">\n\t\t\t<p><span style=\"font-family: gray-scale; font-size: 18pt;\">\u00c9lodie and Yoann Conte, a natural fit!&nbsp;<\/span><\/p>\n<p style=\"text-align: justify;\" class=\"translation-block\"><span style=\"font-size: 14pt;font-family: bon-vivant-serif\">\u00c9lodie, an unexpected encounter that gave a new dimension to Yoann's adventure. A graduate of the Lyc\u00e9e H\u00f4telier in Montargis, \u00c9lodie followed her path t<\/span><span style=\"font-size: 14pt;font-family: bon-vivant-serif\">owards the dining room, nurturing a passion for contact with customers.\nnurturing a passion for customer contact. Fate sealed their meeting, transforming a simple application for a Chef de rang position into a story that would turn their lives upside down. An obviousness emerges, a complicity is born between them, a harmony that transcends words, as if the look was enough to understand each other.<\/span><\/p>\n<p style=\"text-align: justify;\"><span style=\"font-size: 14pt; font-family: brandon-light;\">The result was an exceptional collaboration.&nbsp;<\/span><\/p>\n<p style=\"text-align: justify;\"><span style=\"font-size: 14pt; font-family: brandon-light;\">With a shared passion for cooking and sharing, together they have written a history, raised a house, consolidated two Michelin stars. \u00c9lodie, now in charge of the establishment's general management, confidently juggles her responsibilities with those of managing their team of 80 employees.<\/span><\/p>\n<p style=\"text-align: justify;\"><span style=\"font-size: 14pt; font-family: brandon-light;\">The \u00c9lodie and Yoann Conte tandem is more than just a success story. It's a symphony, a ballet between two minds that complement each other, two hearts that beat in unison to amaze every guest. They continue their ascent, defying the mountains, both those of the Alps and those of culinary creation, always driven by enthusiasm, determination and an endless quest for new stars to reach.<\/span><\/p>\n\n\t\t<\/div>\n\t<\/div>\n<\/div><\/div><\/div><div class=\"wpb_column vc_column_container vc_col-sm-6 mpc-column\" data-column-id=\"mpc_column-8269edee930f715\"><div class=\"vc_column-inner\"><div class=\"wpb_wrapper\">\n\t<div class=\"wpb_single_image wpb_content_element vc_align_center wpb_content_element\">\n\t\t\n\t\t<figure class=\"wpb_wrapper vc_figure\">\n\t\t\t<div class=\"vc_single_image-wrapper   vc_box_border_grey\"><img loading=\"lazy\" decoding=\"async\" width=\"1811\" height=\"2560\" src=\"https:\/\/yoann-conte.com\/wp-content\/uploads\/2024\/03\/DSC_5674-scaled.jpg\" class=\"vc_single_image-img attachment-full\" alt=\"\" title=\"DSC_5674\"><\/div>\n\t\t<\/figure>\n\t<\/div>\n<\/div><\/div><\/div><\/div><\/div><\/div><\/div><\/div><div id=\"dates\" data-vc-full-width=\"true\" data-vc-full-width-init=\"false\" class=\"vc_row wpb_row vc_row-fluid vc_custom_1711466720339 vc_row-has-fill mpc-row\" data-row-id=\"mpc_row-3469edee9310bf6\"><div class=\"mpc-overlay mpc-overlay--first\" data-speed=\"25\"><\/div><div class=\"wpb_column vc_column_container vc_col-sm-12 mpc-column\" data-column-id=\"mpc_column-2869edee9310997\"><div class=\"vc_column-inner\"><div class=\"wpb_wrapper\"><div class=\"vc_empty_space\" style=\"height: 100px\"><span class=\"vc_empty_space_inner\"><\/span><\/div>\n\t<div class=\"wpb_text_column wpb_content_element\">\n\t\t<div class=\"wpb_wrapper\">\n\t\t\t<p style=\"text-align: center;\"><span style=\"font-family: bon-vivant-bold; font-size: 30pt; color: #fafafa;\">IN A FEW DATES<\/span><\/p>\n\n\t\t<\/div>\n\t<\/div>\n<div class=\"vc_row wpb_row vc_inner vc_row-fluid mpc-row\"><div class=\"wpb_column vc_column_container vc_col-sm-12 mpc-column\" data-column-id=\"mpc_column-3069edee9310334\"><div class=\"vc_column-inner\"><div class=\"wpb_wrapper\">        \r\n\t\t<div class=\"osteo-timeline-style-9 timeline\">\r\n            <div class=\"timeline__wrap\">\r\n                <div class=\"timeline__items\">\r\n                                            <div class=\"timeline__item\">\r\n                            <div class=\"timeline__content none\" style=\"background-color: rgba(255,255,255,0.01); padding-top: px; padding-right: px; padding-bottom: px; padding-left: px; margin-top: px; margin-right: px; margin-bottom: px; margin-left: px;\">\r\n                                <style>\r\n                                    .osteo-timeline-style-9 .timeline__content {\r\n                                        text-align: center!important;\r\n                                    }\r\n                                    .timeline__item:after {\r\n                                        border-color: #ffffff!important;\r\n                                    }\r\n                                    .timeline:not(.timeline--horizontal):before,\r\n                                    .timeline-divider {\r\n                                        background-color: #ffffff!important;\r\n                                    }\r\n                                <\/style>\r\n                                                                                                                                            <h2 style=\"color: #ffffff; font-size: 24px; font-weight: 600; font-style: normal; text-transform: none; letter-spacing: 0px; padding-top: px; padding-right: px; padding-bottom: px; padding-left: px; margin-top: px; margin-right: px; margin-bottom: px; margin-left: px;\">\r\n                                                2023                                            <\/h2>\r\n                                            <style>\r\n                                                .osteo-timeline-style-9 .timeline__content h2:hover {\r\n                                                    color: <br \/>\n<b>Warning<\/b>:  Undefined array key \"osteo_timeline_heading_color_hover\" in <b>\/home\/clients\/73102dfe44f8c71a00984d43963aa551\/sites\/yoann-conte.com\/wp-content\/plugins\/osteo-timeline-for-wpbakery\/inc\/style-9.php<\/b> on line <b>161<\/b><br \/>\n!important;\r\n                                                }\r\n                                            <\/style>\r\n                                                                                                                    <p style=\"color: #ffffff; font-size: 20px; font-weight: 600; font-style: normal; text-transform: none; letter-spacing: 0px; padding-top: px; padding-right: px; padding-bottom: px; padding-left: px; margin-top: px; margin-right: px; margin-bottom: px; margin-left: px;\">\r\n                                                Named Chef of the Year 2024 by Gault &amp; Millau                                            <\/p>\r\n                                                                                                    <\/div>\r\n                        <\/div>\r\n                                            <div class=\"timeline__item\">\r\n                            <div class=\"timeline__content none\" style=\"background-color: rgba(255,255,255,0.01); padding-top: px; padding-right: px; padding-bottom: px; padding-left: px; margin-top: px; margin-right: px; margin-bottom: px; margin-left: px;\">\r\n                                <style>\r\n                                    .osteo-timeline-style-9 .timeline__content {\r\n                                        text-align: center!important;\r\n                                    }\r\n                                    .timeline__item:after {\r\n                                        border-color: #ffffff!important;\r\n                                    }\r\n                                    .timeline:not(.timeline--horizontal):before,\r\n                                    .timeline-divider {\r\n                                        background-color: #ffffff!important;\r\n                                    }\r\n                                <\/style>\r\n                                                                                                                                            <h2 style=\"color: #ffffff; font-size: 24px; font-weight: 600; font-style: normal; text-transform: none; letter-spacing: 0px; padding-top: px; padding-right: px; padding-bottom: px; padding-left: px; margin-top: px; margin-right: px; margin-bottom: px; margin-left: px;\">\r\n                                                2021                                            <\/h2>\r\n                                            <style>\r\n                                                .osteo-timeline-style-9 .timeline__content h2:hover {\r\n                                                    color: <br \/>\n<b>Warning<\/b>:  Undefined array key \"osteo_timeline_heading_color_hover\" in <b>\/home\/clients\/73102dfe44f8c71a00984d43963aa551\/sites\/yoann-conte.com\/wp-content\/plugins\/osteo-timeline-for-wpbakery\/inc\/style-9.php<\/b> on line <b>161<\/b><br \/>\n!important;\r\n                                                }\r\n                                            <\/style>\r\n                                                                                                                    <p style=\"color: #ffffff; font-size: 20px; font-weight: 600; font-style: normal; text-transform: none; letter-spacing: 0px; padding-top: px; padding-right: px; padding-bottom: px; padding-left: px; margin-top: px; margin-right: px; margin-bottom: px; margin-left: px;\">\r\n                                                Awarded 5 toques by Gault &amp; Millau with a score of 19\/20 for La Table de Yoann Conte and 2 toques with a score of 14.5\/20 for LE ROC restaurant                                            <\/p>\r\n                                                                                                    <\/div>\r\n                        <\/div>\r\n                                            <div class=\"timeline__item\">\r\n                            <div class=\"timeline__content none\" style=\"background-color: rgba(255,255,255,0.01); padding-top: px; padding-right: px; padding-bottom: px; padding-left: px; margin-top: px; margin-right: px; margin-bottom: px; margin-left: px;\">\r\n                                <style>\r\n                                    .osteo-timeline-style-9 .timeline__content {\r\n                                        text-align: center!important;\r\n                                    }\r\n                                    .timeline__item:after {\r\n                                        border-color: #ffffff!important;\r\n                                    }\r\n                                    .timeline:not(.timeline--horizontal):before,\r\n                                    .timeline-divider {\r\n                                        background-color: #ffffff!important;\r\n                                    }\r\n                                <\/style>\r\n                                                                                                                                            <h2 style=\"color: #ffffff; font-size: 24px; font-weight: 600; font-style: normal; text-transform: none; letter-spacing: 0px; padding-top: px; padding-right: px; padding-bottom: px; padding-left: px; margin-top: px; margin-right: px; margin-bottom: px; margin-left: px;\">\r\n                                                2020                                            <\/h2>\r\n                                            <style>\r\n                                                .osteo-timeline-style-9 .timeline__content h2:hover {\r\n                                                    color: <br \/>\n<b>Warning<\/b>:  Undefined array key \"osteo_timeline_heading_color_hover\" in <b>\/home\/clients\/73102dfe44f8c71a00984d43963aa551\/sites\/yoann-conte.com\/wp-content\/plugins\/osteo-timeline-for-wpbakery\/inc\/style-9.php<\/b> on line <b>161<\/b><br \/>\n!important;\r\n                                                }\r\n                                            <\/style>\r\n                                                                                                                    <p style=\"color: #ffffff; font-size: 20px; font-weight: 600; font-style: normal; text-transform: none; letter-spacing: 0px; padding-top: px; padding-right: px; padding-bottom: px; padding-left: px; margin-top: px; margin-right: px; margin-bottom: px; margin-left: px;\">\r\n                                                Awarded the \u00c9toile Verte by the Michelin Guide, an accolade for sustainable and responsible gastronomy                                            <\/p>\r\n                                                                                                    <\/div>\r\n                        <\/div>\r\n                                            <div class=\"timeline__item\">\r\n                            <div class=\"timeline__content none\" style=\"background-color: rgba(255,255,255,0.01); padding-top: px; padding-right: px; padding-bottom: px; padding-left: px; margin-top: px; margin-right: px; margin-bottom: px; margin-left: px;\">\r\n                                <style>\r\n                                    .osteo-timeline-style-9 .timeline__content {\r\n                                        text-align: center!important;\r\n                                    }\r\n                                    .timeline__item:after {\r\n                                        border-color: #ffffff!important;\r\n                                    }\r\n                                    .timeline:not(.timeline--horizontal):before,\r\n                                    .timeline-divider {\r\n                                        background-color: #ffffff!important;\r\n                                    }\r\n                                <\/style>\r\n                                                                                                                                            <h2 style=\"color: #ffffff; font-size: 24px; font-weight: 600; font-style: normal; text-transform: none; letter-spacing: 0px; padding-top: px; padding-right: px; padding-bottom: px; padding-left: px; margin-top: px; margin-right: px; margin-bottom: px; margin-left: px;\">\r\n                                                2014                                            <\/h2>\r\n                                            <style>\r\n                                                .osteo-timeline-style-9 .timeline__content h2:hover {\r\n                                                    color: <br \/>\n<b>Warning<\/b>:  Undefined array key \"osteo_timeline_heading_color_hover\" in <b>\/home\/clients\/73102dfe44f8c71a00984d43963aa551\/sites\/yoann-conte.com\/wp-content\/plugins\/osteo-timeline-for-wpbakery\/inc\/style-9.php<\/b> on line <b>161<\/b><br \/>\n!important;\r\n                                                }\r\n                                            <\/style>\r\n                                                                                                                    <p style=\"color: #ffffff; font-size: 20px; font-weight: 600; font-style: normal; text-transform: none; letter-spacing: 0px; padding-top: px; padding-right: px; padding-bottom: px; padding-left: px; margin-top: px; margin-right: px; margin-bottom: px; margin-left: px;\">\r\n                                                Wins the Troph\u00e9e Gault &amp; Millau d'Or                                            <\/p>\r\n                                                                                                    <\/div>\r\n                        <\/div>\r\n                                            <div class=\"timeline__item\">\r\n                            <div class=\"timeline__content none\" style=\"background-color: rgba(255,255,255,0.01); padding-top: px; padding-right: px; padding-bottom: px; padding-left: px; margin-top: px; margin-right: px; margin-bottom: px; margin-left: px;\">\r\n                                <style>\r\n                                    .osteo-timeline-style-9 .timeline__content {\r\n                                        text-align: center!important;\r\n                                    }\r\n                                    .timeline__item:after {\r\n                                        border-color: #ffffff!important;\r\n                                    }\r\n                                    .timeline:not(.timeline--horizontal):before,\r\n                                    .timeline-divider {\r\n                                        background-color: #ffffff!important;\r\n                                    }\r\n                                <\/style>\r\n                                                                                                                                            <h2 style=\"color: #ffffff; font-size: 24px; font-weight: 600; font-style: normal; text-transform: none; letter-spacing: 0px; padding-top: px; padding-right: px; padding-bottom: px; padding-left: px; margin-top: px; margin-right: px; margin-bottom: px; margin-left: px;\">\r\n                                                2013                                            <\/h2>\r\n                                            <style>\r\n                                                .osteo-timeline-style-9 .timeline__content h2:hover {\r\n                                                    color: <br \/>\n<b>Warning<\/b>:  Undefined array key \"osteo_timeline_heading_color_hover\" in <b>\/home\/clients\/73102dfe44f8c71a00984d43963aa551\/sites\/yoann-conte.com\/wp-content\/plugins\/osteo-timeline-for-wpbakery\/inc\/style-9.php<\/b> on line <b>161<\/b><br \/>\n!important;\r\n                                                }\r\n                                            <\/style>\r\n                                                                                                                    <p style=\"color: #ffffff; font-size: 20px; font-weight: 600; font-style: normal; text-transform: none; letter-spacing: 0px; padding-top: px; padding-right: px; padding-bottom: px; padding-left: px; margin-top: px; margin-right: px; margin-bottom: px; margin-left: px;\">\r\n                                                Awarded a second Michelin star and 4 Toques by Gault &amp; Millau                                            <\/p>\r\n                                                                                                    <\/div>\r\n                        <\/div>\r\n                                            <div class=\"timeline__item\">\r\n                            <div class=\"timeline__content none\" style=\"background-color: rgba(255,255,255,0.01); padding-top: px; padding-right: px; padding-bottom: px; padding-left: px; margin-top: px; margin-right: px; margin-bottom: px; margin-left: px;\">\r\n                                <style>\r\n                                    .osteo-timeline-style-9 .timeline__content {\r\n                                        text-align: center!important;\r\n                                    }\r\n                                    .timeline__item:after {\r\n                                        border-color: #ffffff!important;\r\n                                    }\r\n                                    .timeline:not(.timeline--horizontal):before,\r\n                                    .timeline-divider {\r\n                                        background-color: #ffffff!important;\r\n                                    }\r\n                                <\/style>\r\n                                                                                                                                            <h2 style=\"color: #ffffff; font-size: 24px; font-weight: 600; font-style: normal; text-transform: none; letter-spacing: 0px; padding-top: px; padding-right: px; padding-bottom: px; padding-left: px; margin-top: px; margin-right: px; margin-bottom: px; margin-left: px;\">\r\n                                                2012                                            <\/h2>\r\n                                            <style>\r\n                                                .osteo-timeline-style-9 .timeline__content h2:hover {\r\n                                                    color: <br \/>\n<b>Warning<\/b>:  Undefined array key \"osteo_timeline_heading_color_hover\" in <b>\/home\/clients\/73102dfe44f8c71a00984d43963aa551\/sites\/yoann-conte.com\/wp-content\/plugins\/osteo-timeline-for-wpbakery\/inc\/style-9.php<\/b> on line <b>161<\/b><br \/>\n!important;\r\n                                                }\r\n                                            <\/style>\r\n                                                                                                                    <p style=\"color: #ffffff; font-size: 20px; font-weight: 600; font-style: normal; text-transform: none; letter-spacing: 0px; padding-top: px; padding-right: px; padding-bottom: px; padding-left: px; margin-top: px; margin-right: px; margin-bottom: px; margin-left: px;\">\r\n                                                The restaurant has been awarded a Michelin 2-star rating.                                            <\/p>\r\n                                                                                                    <\/div>\r\n                        <\/div>\r\n                                            <div class=\"timeline__item\">\r\n                            <div class=\"timeline__content none\" style=\"background-color: rgba(255,255,255,0.01); padding-top: px; padding-right: px; padding-bottom: px; padding-left: px; margin-top: px; margin-right: px; margin-bottom: px; margin-left: px;\">\r\n                                <style>\r\n                                    .osteo-timeline-style-9 .timeline__content {\r\n                                        text-align: center!important;\r\n                                    }\r\n                                    .timeline__item:after {\r\n                                        border-color: #ffffff!important;\r\n                                    }\r\n                                    .timeline:not(.timeline--horizontal):before,\r\n                                    .timeline-divider {\r\n                                        background-color: #ffffff!important;\r\n                                    }\r\n                                <\/style>\r\n                                                                                                                                            <h2 style=\"color: #ffffff; font-size: 24px; font-weight: 600; font-style: normal; text-transform: none; letter-spacing: 0px; padding-top: px; padding-right: px; padding-bottom: px; padding-left: px; margin-top: px; margin-right: px; margin-bottom: px; margin-left: px;\">\r\n                                                2011                                            <\/h2>\r\n                                            <style>\r\n                                                .osteo-timeline-style-9 .timeline__content h2:hover {\r\n                                                    color: <br \/>\n<b>Warning<\/b>:  Undefined array key \"osteo_timeline_heading_color_hover\" in <b>\/home\/clients\/73102dfe44f8c71a00984d43963aa551\/sites\/yoann-conte.com\/wp-content\/plugins\/osteo-timeline-for-wpbakery\/inc\/style-9.php<\/b> on line <b>161<\/b><br \/>\n!important;\r\n                                                }\r\n                                            <\/style>\r\n                                                                                                                    <p style=\"color: #ffffff; font-size: 20px; font-weight: 600; font-style: normal; text-transform: none; letter-spacing: 0px; padding-top: px; padding-right: px; padding-bottom: px; padding-left: px; margin-top: px; margin-right: px; margin-bottom: px; margin-left: px;\">\r\n                                                Obtained his first Michelin star for his restaurant \"La Table de Yoann Conte\" and 3 toques from Gault &amp; Millau.                                            <\/p>\r\n                                                                                                    <\/div>\r\n                        <\/div>\r\n                                            <div class=\"timeline__item\">\r\n                            <div class=\"timeline__content none\" style=\"background-color: rgba(255,255,255,0.01); padding-top: px; padding-right: px; padding-bottom: px; padding-left: px; margin-top: px; margin-right: px; margin-bottom: px; margin-left: px;\">\r\n                                <style>\r\n                                    .osteo-timeline-style-9 .timeline__content {\r\n                                        text-align: center!important;\r\n                                    }\r\n                                    .timeline__item:after {\r\n                                        border-color: #ffffff!important;\r\n                                    }\r\n                                    .timeline:not(.timeline--horizontal):before,\r\n                                    .timeline-divider {\r\n                                        background-color: #ffffff!important;\r\n                                    }\r\n                                <\/style>\r\n                                                                                                                                            <h2 style=\"color: #ffffff; font-size: 24px; font-weight: 600; font-style: normal; text-transform: none; letter-spacing: 0px; padding-top: px; padding-right: px; padding-bottom: px; padding-left: px; margin-top: px; margin-right: px; margin-bottom: px; margin-left: px;\">\r\n                                                2010                                            <\/h2>\r\n                                            <style>\r\n                                                .osteo-timeline-style-9 .timeline__content h2:hover {\r\n                                                    color: <br \/>\n<b>Warning<\/b>:  Undefined array key \"osteo_timeline_heading_color_hover\" in <b>\/home\/clients\/73102dfe44f8c71a00984d43963aa551\/sites\/yoann-conte.com\/wp-content\/plugins\/osteo-timeline-for-wpbakery\/inc\/style-9.php<\/b> on line <b>161<\/b><br \/>\n!important;\r\n                                                }\r\n                                            <\/style>\r\n                                                                                                                    <p style=\"color: #ffffff; font-size: 20px; font-weight: 600; font-style: normal; text-transform: none; letter-spacing: 0px; padding-top: px; padding-right: px; padding-bottom: px; padding-left: px; margin-top: px; margin-right: px; margin-bottom: px; margin-left: px;\">\r\n                                                Takes over the Maison de Marc Veyrat in Veyrier-du-Lac and renames it \"La Maison Bleue\".                                             <\/p>\r\n                                                                                                    <\/div>\r\n                        <\/div>\r\n                                            <div class=\"timeline__item\">\r\n                            <div class=\"timeline__content none\" style=\"background-color: rgba(255,255,255,0.01); padding-top: px; padding-right: px; padding-bottom: px; padding-left: px; margin-top: px; margin-right: px; margin-bottom: px; margin-left: px;\">\r\n                                <style>\r\n                                    .osteo-timeline-style-9 .timeline__content {\r\n                                        text-align: center!important;\r\n                                    }\r\n                                    .timeline__item:after {\r\n                                        border-color: #ffffff!important;\r\n                                    }\r\n                                    .timeline:not(.timeline--horizontal):before,\r\n                                    .timeline-divider {\r\n                                        background-color: #ffffff!important;\r\n                                    }\r\n                                <\/style>\r\n                                                                                                                                            <h2 style=\"color: #ffffff; font-size: 24px; font-weight: 600; font-style: normal; text-transform: none; letter-spacing: 0px; padding-top: px; padding-right: px; padding-bottom: px; padding-left: px; margin-top: px; margin-right: px; margin-bottom: px; margin-left: px;\">\r\n                                                1974                                            <\/h2>\r\n                                            <style>\r\n                                                .osteo-timeline-style-9 .timeline__content h2:hover {\r\n                                                    color: <br \/>\n<b>Warning<\/b>:  Undefined array key \"osteo_timeline_heading_color_hover\" in <b>\/home\/clients\/73102dfe44f8c71a00984d43963aa551\/sites\/yoann-conte.com\/wp-content\/plugins\/osteo-timeline-for-wpbakery\/inc\/style-9.php<\/b> on line <b>161<\/b><br \/>\n!important;\r\n                                                }\r\n                                            <\/style>\r\n                                                                                                                    <p style=\"color: #ffffff; font-size: 20px; font-weight: 600; font-style: normal; text-transform: none; letter-spacing: 0px; padding-top: px; padding-right: px; padding-bottom: px; padding-left: px; margin-top: px; margin-right: px; margin-bottom: px; margin-left: px;\">\r\n                                                Born September 15, 1974 in Brest                                            <\/p>\r\n                                                                                                    <\/div>\r\n                        <\/div>\r\n                                    <\/div>\r\n            <\/div>\r\n\t\t<\/div>\r\n        \r\n\t<\/div><\/div><\/div><\/div><div class=\"vc_empty_space\" style=\"height: 70px\"><span class=\"vc_empty_space_inner\"><\/span><\/div><\/div><\/div><\/div><\/div><div class=\"vc_row-full-width vc_clearfix\"><\/div>\n<\/div>","protected":false},"excerpt":{"rendered":"Yoann Conte Chef d'orchestre &agrave; la Maison Bleue \"La Maison Bleue est une histoire de vie, de passion et de transmission\" Depuis 2010, la Maison Bleue a &eacute;t&eacute; r&eacute;guli&egrave;rement repens&eacute;e. Yoann Conte a lui-m&ecirc;me &laquo; boug&eacute; les murs &raquo; pour mieux relier les &eacute;quipes et ainsi donner &agrave; cette formidable adresse un suppl&eacute;ment d&rsquo;&acirc;me si","protected":false},"author":1,"featured_media":0,"parent":0,"menu_order":0,"comment_status":"closed","ping_status":"closed","template":"","meta":{"_et_pb_use_builder":"","_et_pb_old_content":"","_et_gb_content_width":"","inline_featured_image":false,"footnotes":""},"class_list":["post-29949","page","type-page","status-publish","hentry"],"yoast_head":"<!-- This site is optimized with the Yoast SEO plugin v27.4 - https:\/\/yoast.com\/product\/yoast-seo-wordpress\/ -->\n<title>Biographie - Yoann Conte, un lieu embl\u00e9matique \u00e0 Veyrier-du-lac, o\u00f9 se rencontrent l&#039;\u00e9l\u00e9gance de notre h\u00f4tel 5 \u00e9toiles et la cr\u00e9ativit\u00e9 d\u2019une cuisine gastronomique 2 \u00e9toiles, au c\u0153ur d\u2019un cadre naturel exceptionnel.<\/title>\n<meta name=\"description\" content=\"Yoann Conte, chef doublement \u00e9toil\u00e9 au Guide Michelin, vous accueille \u00e0 La Maison Bleue, son h\u00f4tel-restaurant situ\u00e9 au bord du lac d&#039;Annecy.\" \/>\n<meta name=\"robots\" content=\"index, follow, max-snippet:-1, max-image-preview:large, max-video-preview:-1\" \/>\n<link rel=\"canonical\" href=\"https:\/\/yoann-conte.com\/en\/biographie\/\" \/>\n<meta property=\"og:locale\" content=\"en_GB\" \/>\n<meta property=\"og:type\" content=\"article\" \/>\n<meta property=\"og:title\" content=\"Biographie - Yoann Conte, un lieu embl\u00e9matique \u00e0 Veyrier-du-lac, o\u00f9 se rencontrent l&#039;\u00e9l\u00e9gance de notre h\u00f4tel 5 \u00e9toiles et la cr\u00e9ativit\u00e9 d\u2019une cuisine gastronomique 2 \u00e9toiles, au c\u0153ur d\u2019un cadre naturel exceptionnel.\" \/>\n<meta property=\"og:description\" content=\"Yoann Conte, chef doublement \u00e9toil\u00e9 au Guide Michelin, vous accueille \u00e0 La Maison Bleue, son h\u00f4tel-restaurant situ\u00e9 au bord du lac d&#039;Annecy.\" \/>\n<meta property=\"og:url\" content=\"https:\/\/yoann-conte.com\/en\/biographie\/\" \/>\n<meta property=\"og:site_name\" content=\"Yoann Conte, un lieu embl\u00e9matique \u00e0 Veyrier-du-lac, o\u00f9 se rencontrent l&#039;\u00e9l\u00e9gance de notre h\u00f4tel 5 \u00e9toiles et la cr\u00e9ativit\u00e9 d\u2019une cuisine gastronomique 2 \u00e9toiles, au c\u0153ur d\u2019un cadre naturel exceptionnel.\" \/>\n<meta property=\"article:modified_time\" content=\"2026-03-13T16:56:18+00:00\" \/>\n<meta name=\"twitter:card\" content=\"summary_large_image\" \/>\n<meta name=\"twitter:label1\" content=\"Estimated reading time\" \/>\n\t<meta name=\"twitter:data1\" content=\"7 minutes\" \/>\n<script type=\"application\/ld+json\" class=\"yoast-schema-graph\">{\"@context\":\"https:\\\/\\\/schema.org\",\"@graph\":[{\"@type\":\"WebPage\",\"@id\":\"https:\\\/\\\/yoann-conte.com\\\/biographie\\\/\",\"url\":\"https:\\\/\\\/yoann-conte.com\\\/biographie\\\/\",\"name\":\"Biographie - Yoann Conte, un lieu embl\u00e9matique \u00e0 Veyrier-du-lac, o\u00f9 se rencontrent l&#039;\u00e9l\u00e9gance de notre h\u00f4tel 5 \u00e9toiles et la cr\u00e9ativit\u00e9 d\u2019une cuisine gastronomique 2 \u00e9toiles, au c\u0153ur d\u2019un cadre naturel exceptionnel.\",\"isPartOf\":{\"@id\":\"https:\\\/\\\/yoann-conte.com\\\/#website\"},\"datePublished\":\"2024-02-26T14:43:31+00:00\",\"dateModified\":\"2026-03-13T16:56:18+00:00\",\"description\":\"Yoann Conte, chef doublement \u00e9toil\u00e9 au Guide Michelin, vous accueille \u00e0 La Maison Bleue, son h\u00f4tel-restaurant situ\u00e9 au bord du lac d'Annecy.\",\"breadcrumb\":{\"@id\":\"https:\\\/\\\/yoann-conte.com\\\/biographie\\\/#breadcrumb\"},\"inLanguage\":\"en-GB\",\"potentialAction\":[{\"@type\":\"ReadAction\",\"target\":[\"https:\\\/\\\/yoann-conte.com\\\/biographie\\\/\"]}]},{\"@type\":\"BreadcrumbList\",\"@id\":\"https:\\\/\\\/yoann-conte.com\\\/biographie\\\/#breadcrumb\",\"itemListElement\":[{\"@type\":\"ListItem\",\"position\":1,\"name\":\"Accueil\",\"item\":\"https:\\\/\\\/yoann-conte.com\\\/\"},{\"@type\":\"ListItem\",\"position\":2,\"name\":\"Biographie\"}]},{\"@type\":\"WebSite\",\"@id\":\"https:\\\/\\\/yoann-conte.com\\\/#website\",\"url\":\"https:\\\/\\\/yoann-conte.com\\\/\",\"name\":\"Yoann Conte, un lieu embl\u00e9matique \u00e0 Veyrier-du-lac, o\u00f9 se rencontrent l&#039;\u00e9l\u00e9gance de notre h\u00f4tel 5 \u00e9toiles et la cr\u00e9ativit\u00e9 d\u2019une cuisine gastronomique 2 \u00e9toiles, au c\u0153ur d\u2019un cadre naturel exceptionnel.\",\"description\":\"Restaurant gastronomique \u00e0 Annecy, Yoann Conte\",\"potentialAction\":[{\"@type\":\"SearchAction\",\"target\":{\"@type\":\"EntryPoint\",\"urlTemplate\":\"https:\\\/\\\/yoann-conte.com\\\/?s={search_term_string}\"},\"query-input\":{\"@type\":\"PropertyValueSpecification\",\"valueRequired\":true,\"valueName\":\"search_term_string\"}}],\"inLanguage\":\"en-GB\"}]}<\/script>\n<!-- \/ Yoast SEO plugin. -->","yoast_head_json":{"title":"Biographie - Yoann Conte, un lieu embl\u00e9matique \u00e0 Veyrier-du-lac, o\u00f9 se rencontrent l&#039;\u00e9l\u00e9gance de notre h\u00f4tel 5 \u00e9toiles et la cr\u00e9ativit\u00e9 d\u2019une cuisine gastronomique 2 \u00e9toiles, au c\u0153ur d\u2019un cadre naturel exceptionnel.","description":"Yoann Conte, chef doublement \u00e9toil\u00e9 au Guide Michelin, vous accueille \u00e0 La Maison Bleue, son h\u00f4tel-restaurant situ\u00e9 au bord du lac d'Annecy.","robots":{"index":"index","follow":"follow","max-snippet":"max-snippet:-1","max-image-preview":"max-image-preview:large","max-video-preview":"max-video-preview:-1"},"canonical":"https:\/\/yoann-conte.com\/en\/biographie\/","og_locale":"en_GB","og_type":"article","og_title":"Biographie - Yoann Conte, un lieu embl\u00e9matique \u00e0 Veyrier-du-lac, o\u00f9 se rencontrent l&#039;\u00e9l\u00e9gance de notre h\u00f4tel 5 \u00e9toiles et la cr\u00e9ativit\u00e9 d\u2019une cuisine gastronomique 2 \u00e9toiles, au c\u0153ur d\u2019un cadre naturel exceptionnel.","og_description":"Yoann Conte, chef doublement \u00e9toil\u00e9 au Guide Michelin, vous accueille \u00e0 La Maison Bleue, son h\u00f4tel-restaurant situ\u00e9 au bord du lac d'Annecy.","og_url":"https:\/\/yoann-conte.com\/en\/biographie\/","og_site_name":"Yoann Conte, un lieu embl\u00e9matique \u00e0 Veyrier-du-lac, o\u00f9 se rencontrent l&#039;\u00e9l\u00e9gance de notre h\u00f4tel 5 \u00e9toiles et la cr\u00e9ativit\u00e9 d\u2019une cuisine gastronomique 2 \u00e9toiles, au c\u0153ur d\u2019un cadre naturel exceptionnel.","article_modified_time":"2026-03-13T16:56:18+00:00","twitter_card":"summary_large_image","twitter_misc":{"Estimated reading time":"7 minutes"},"schema":{"@context":"https:\/\/schema.org","@graph":[{"@type":"WebPage","@id":"https:\/\/yoann-conte.com\/biographie\/","url":"https:\/\/yoann-conte.com\/biographie\/","name":"Biographie - Yoann Conte, un lieu embl\u00e9matique \u00e0 Veyrier-du-lac, o\u00f9 se rencontrent l&#039;\u00e9l\u00e9gance de notre h\u00f4tel 5 \u00e9toiles et la cr\u00e9ativit\u00e9 d\u2019une cuisine gastronomique 2 \u00e9toiles, au c\u0153ur d\u2019un cadre naturel exceptionnel.","isPartOf":{"@id":"https:\/\/yoann-conte.com\/#website"},"datePublished":"2024-02-26T14:43:31+00:00","dateModified":"2026-03-13T16:56:18+00:00","description":"Yoann Conte, chef doublement \u00e9toil\u00e9 au Guide Michelin, vous accueille \u00e0 La Maison Bleue, son h\u00f4tel-restaurant situ\u00e9 au bord du lac d'Annecy.","breadcrumb":{"@id":"https:\/\/yoann-conte.com\/biographie\/#breadcrumb"},"inLanguage":"en-GB","potentialAction":[{"@type":"ReadAction","target":["https:\/\/yoann-conte.com\/biographie\/"]}]},{"@type":"BreadcrumbList","@id":"https:\/\/yoann-conte.com\/biographie\/#breadcrumb","itemListElement":[{"@type":"ListItem","position":1,"name":"Accueil","item":"https:\/\/yoann-conte.com\/"},{"@type":"ListItem","position":2,"name":"Biographie"}]},{"@type":"WebSite","@id":"https:\/\/yoann-conte.com\/#website","url":"https:\/\/yoann-conte.com\/","name":"Yoann Conte, un lieu embl\u00e9matique \u00e0 Veyrier-du-lac, o\u00f9 se rencontrent l&#039;\u00e9l\u00e9gance de notre h\u00f4tel 5 \u00e9toiles et la cr\u00e9ativit\u00e9 d\u2019une cuisine gastronomique 2 \u00e9toiles, au c\u0153ur d\u2019un cadre naturel exceptionnel.","description":"Gastronomic restaurant in Annecy, Yoann Conte","potentialAction":[{"@type":"SearchAction","target":{"@type":"EntryPoint","urlTemplate":"https:\/\/yoann-conte.com\/?s={search_term_string}"},"query-input":{"@type":"PropertyValueSpecification","valueRequired":true,"valueName":"search_term_string"}}],"inLanguage":"en-GB"}]}},"_links":{"self":[{"href":"https:\/\/yoann-conte.com\/en\/wp-json\/wp\/v2\/pages\/29949","targetHints":{"allow":["GET"]}}],"collection":[{"href":"https:\/\/yoann-conte.com\/en\/wp-json\/wp\/v2\/pages"}],"about":[{"href":"https:\/\/yoann-conte.com\/en\/wp-json\/wp\/v2\/types\/page"}],"author":[{"embeddable":true,"href":"https:\/\/yoann-conte.com\/en\/wp-json\/wp\/v2\/users\/1"}],"replies":[{"embeddable":true,"href":"https:\/\/yoann-conte.com\/en\/wp-json\/wp\/v2\/comments?post=29949"}],"version-history":[{"count":3,"href":"https:\/\/yoann-conte.com\/en\/wp-json\/wp\/v2\/pages\/29949\/revisions"}],"predecessor-version":[{"id":35359,"href":"https:\/\/yoann-conte.com\/en\/wp-json\/wp\/v2\/pages\/29949\/revisions\/35359"}],"wp:attachment":[{"href":"https:\/\/yoann-conte.com\/en\/wp-json\/wp\/v2\/media?parent=29949"}],"curies":[{"name":"wp","href":"https:\/\/api.w.org\/{rel}","templated":true}]}}